{"id":63,"date":"2020-12-12T16:15:43","date_gmt":"2020-12-12T19:15:43","guid":{"rendered":"https:\/\/contaempre.com.br\/index.php\/home\/"},"modified":"2026-02-24T16:53:47","modified_gmt":"2026-02-24T19:53:47","slug":"home","status":"publish","type":"page","link":"https:\/\/contaempre.com.br\/","title":{"rendered":"Home"},"content":{"rendered":"\t\t<div data-elementor-type=\"wp-page\" data-elementor-id=\"63\" class=\"elementor elementor-63\">\n\t\t\t\t\t\t\t<div class=\"elementor-element elementor-element-2e2bc82 e-flex e-con-boxed e-con e-parent\" data-id=\"2e2bc82\" data-element_type=\"container\" data-settings=\"{&quot;background_background&quot;:&quot;classic&quot;,&quot;container_type&quot;:&quot;flex&quot;,&quot;content_width&quot;:&quot;boxed&quot;}\" data-core-v316-plus=\"true\">\n\t\t\t\t\t<div class=\"e-con-inner\">\n\t\t<div class=\"elementor-element elementor-element-f339fff e-con-full e-flex e-con e-child\" data-id=\"f339fff\" data-element_type=\"container\" data-settings=\"{&quot;content_width&quot;:&quot;full&quot;,&quot;container_type&quot;:&quot;flex&quot;}\">\n\t\t\t\t<div class=\"elementor-element elementor-element-0892073 aux-appear-watch-animation aux-fade-in-up-2 elementor-widget elementor-widget-aux_modern_heading\" data-id=\"0892073\" data-element_type=\"widget\" data-widget_type=\"aux_modern_heading.default\">\n\t\t\t\t<div class=\"elementor-widget-container\">\n\t\t\t<section class=\"aux-widget-modern-heading\">\n            <div class=\"aux-widget-inner\"><h5 class=\"aux-modern-heading-primary\">Vamos formar uma parceria de sucesso!<\/h5><h1 class=\"aux-modern-heading-secondary\"><span class=\"aux-head-before\">Solu\u00e7\u00f5es cont\u00e1beis do tamanho da sua empresa<\/span><\/h1><div class=\"aux-modern-heading-description\"><p align=\"justify\">Prestamos servi\u00e7os referentes \u00e0s \u00e1reas cont\u00e1bil, trabalhista, fiscal e de documenta\u00e7\u00e3o para empresas, desde as pequenas at\u00e9 a ind\u00fastria de grande porte, al\u00e9m de pessoas f\u00edsicas e profissionais aut\u00f4nomos de diversos ramos.<\/p><\/div><\/div>\n        <\/section>\t\t<\/div>\n\t\t\t\t<\/div>\n\t\t<div class=\"elementor-element elementor-element-5219d9a e-flex e-con-boxed e-con e-child\" data-id=\"5219d9a\" data-element_type=\"container\" data-settings=\"{&quot;container_type&quot;:&quot;flex&quot;,&quot;content_width&quot;:&quot;boxed&quot;}\">\n\t\t\t\t\t<div class=\"e-con-inner\">\n\t\t<div class=\"elementor-element elementor-element-df10f18 e-flex e-con-boxed e-con e-child\" data-id=\"df10f18\" data-element_type=\"container\" data-settings=\"{&quot;container_type&quot;:&quot;flex&quot;,&quot;content_width&quot;:&quot;boxed&quot;}\">\n\t\t\t\t\t<div class=\"e-con-inner\">\n\t\t\t\t<div class=\"elementor-element elementor-element-79e92ad elementor-widget__width-auto aux-appear-watch-animation aux-scale-down-1 elementor-widget elementor-widget-aux_modern_button\" data-id=\"79e92ad\" data-element_type=\"widget\" data-widget_type=\"aux_modern_button.default\">\n\t\t\t\t<div class=\"elementor-widget-container\">\n\t\t\t    <div class=\"aux-modern-button-wrapper aux-modern-button-align-left\" >\n                    <a class=\"aux-modern-button aux-black aux-modern-button-md aux-modern-button-normal aux-modern-button-default aux-icon-\" href=\"https:\/\/contaempre.com.br\/?page_id=101\">\n                <div class=\"aux-overlay\"><\/div>\n                                    <div class=\"aux-icon \">\n                                            <\/div>\n                                <div class=\"aux-text\">\n<span class=\"aux-text-before\">Nossa empresa<\/span>                <\/div>\n            <\/a>\n            \n    <\/div>\n\n    \t\t<\/div>\n\t\t\t\t<\/div>\n\t\t\t\t\t<\/div>\n\t\t\t\t<\/div>\n\t\t<div class=\"elementor-element elementor-element-ce7d8a9 e-flex e-con-boxed e-con e-child\" data-id=\"ce7d8a9\" data-element_type=\"container\" data-settings=\"{&quot;container_type&quot;:&quot;flex&quot;,&quot;content_width&quot;:&quot;boxed&quot;}\">\n\t\t\t\t\t<div class=\"e-con-inner\">\n\t\t\t\t<div class=\"elementor-element elementor-element-31ee627 elementor-widget__width-auto aux-appear-watch-animation aux-scale-down-1 elementor-widget elementor-widget-aux_modern_button\" data-id=\"31ee627\" data-element_type=\"widget\" data-widget_type=\"aux_modern_button.default\">\n\t\t\t\t<div class=\"elementor-widget-container\">\n\t\t\t    <div class=\"aux-modern-button-wrapper aux-modern-button-align-left\" >\n                    <a class=\"aux-modern-button aux-black aux-modern-button-md aux-modern-button-normal aux-modern-button-default aux-icon-\" href=\"https:\/\/contaempre.com.br\/?page_id=651\">\n                <div class=\"aux-overlay\"><\/div>\n                                    <div class=\"aux-icon \">\n                                            <\/div>\n                                <div class=\"aux-text\">\n<span class=\"aux-text-before\">Nossos servi\u00e7os<\/span>                <\/div>\n            <\/a>\n            \n    <\/div>\n\n    \t\t<\/div>\n\t\t\t\t<\/div>\n\t\t\t\t\t<\/div>\n\t\t\t\t<\/div>\n\t\t\t\t\t<\/div>\n\t\t\t\t<\/div>\n\t\t\t\t<\/div>\n\t\t<div class=\"elementor-element elementor-element-e9980b6 e-con-full e-flex e-con e-child\" data-id=\"e9980b6\" data-element_type=\"container\" data-settings=\"{&quot;content_width&quot;:&quot;full&quot;,&quot;container_type&quot;:&quot;flex&quot;}\">\n\t\t\t\t<div class=\"aux-scroll-anim elementor-element elementor-element-b0b147d elementor-widget__width-auto aux-appear-watch-animation aux-slide-from-left elementor-widget elementor-widget-aux_image\" data-move-in=\"\" data-move-out=\"moveHorizontal\" data-axis-x=\"10\" data-axis-y=\"200\" data-rotate=\"90\" data-scale=\"1\" data-vp-top=\"0.5\" data-vp-bot=\"0.5\" data-el-top=\"0.2\" data-scroll-animation-off=\"1024\" data-id=\"b0b147d\" data-element_type=\"widget\" data-widget_type=\"aux_image.default\">\n\t\t\t\t<div class=\"elementor-widget-container\">\n\t\t\t<section class=\"widget-container aux-widget-image aux-alignnone aux-parent-auc686c787\">\n    <div class=\"aux-media-hint-frame \">\n        <div class=\"aux-media-image \" >\n        \n            \n\n            \n            <img decoding=\"async\" src=\"https:\/\/contaempre.com.br\/wp-content\/uploads\/2020\/11\/Group-29.png\" alt=\"demo-attachment-342-Group-29\" \/>            \n                <\/div>\n    <\/div>\n\n<\/section><!-- widget-container -->\t\t<\/div>\n\t\t\t\t<\/div>\n\t\t\t\t<div class=\"aux-scroll-anim elementor-element elementor-element-96cbd6a aux-appear-watch-animation aux-scale-down elementor-widget elementor-widget-aux_image\" data-move-in=\"\" data-move-out=\"scale\" data-axis-x=\"200\" data-axis-y=\"200\" data-rotate=\"90\" data-scale=\"0.95\" data-vp-top=\"0.5\" data-vp-bot=\"0.5\" data-el-top=\"0.2\" data-scroll-animation-off=\"1024\" data-id=\"96cbd6a\" data-element_type=\"widget\" data-widget_type=\"aux_image.default\">\n\t\t\t\t<div class=\"elementor-widget-container\">\n\t\t\t<section class=\"widget-container aux-widget-image aux-alignnone aux-parent-au1aba34b7\">\n    <div class=\"aux-media-hint-frame \">\n        <div class=\"aux-media-image \" >\n        \n            \n\n            \n            <img decoding=\"async\" src=\"https:\/\/contaempre.com.br\/wp-content\/uploads\/2022\/01\/6340.png\" alt=\"6340\" \/>            \n                <\/div>\n    <\/div>\n\n<\/section><!-- widget-container -->\t\t<\/div>\n\t\t\t\t<\/div>\n\t\t\t\t<div class=\"aux-scroll-anim elementor-element elementor-element-111f57d elementor-widget__width-auto aux-appear-watch-animation aux-scale-down-2 elementor-widget elementor-widget-aux_image\" data-move-in=\"\" data-move-out=\"moveVertical\" data-axis-x=\"200\" data-axis-y=\"-30\" data-rotate=\"90\" data-scale=\"1.1\" data-vp-top=\"0.5\" data-vp-bot=\"0.5\" data-el-top=\"0.2\" data-scroll-animation-off=\"1024\" data-id=\"111f57d\" data-element_type=\"widget\" data-widget_type=\"aux_image.default\">\n\t\t\t\t<div class=\"elementor-widget-container\">\n\t\t\t<section class=\"widget-container aux-widget-image aux-alignnone aux-parent-aue21e4825\">\n    <div class=\"aux-media-hint-frame \">\n        <div class=\"aux-media-image \" >\n        \n            \n\n            \n            <img decoding=\"async\" src=\"https:\/\/contaempre.com.br\/wp-content\/uploads\/2020\/11\/Group-9280.png\" alt=\"demo-attachment-323-Group-9280\" \/>            \n                <\/div>\n    <\/div>\n\n<\/section><!-- widget-container -->\t\t<\/div>\n\t\t\t\t<\/div>\n\t\t\t\t<div class=\"aux-scroll-anim elementor-element elementor-element-b3951dd elementor-widget__width-auto aux-appear-watch-animation aux-mask-from-top elementor-widget elementor-widget-aux_image\" data-move-in=\"\" data-move-out=\"slideTop\" data-axis-x=\"200\" data-axis-y=\"200\" data-rotate=\"90\" data-scale=\"1\" data-vp-top=\"0.2\" data-vp-bot=\"1\" data-el-top=\"0.6\" data-scroll-animation-off=\"1024\" data-id=\"b3951dd\" data-element_type=\"widget\" data-widget_type=\"aux_image.default\">\n\t\t\t\t<div class=\"elementor-widget-container\">\n\t\t\t<section class=\"widget-container aux-widget-image aux-alignnone aux-parent-au01af6478\">\n    <div class=\"aux-media-hint-frame \">\n        <div class=\"aux-media-image \" >\n        \n            \n\n            \n            <img decoding=\"async\" src=\"https:\/\/contaempre.com.br\/wp-content\/uploads\/2022\/01\/Group-9279.png\" alt=\"Group-9279\" \/>            \n                <\/div>\n    <\/div>\n\n<\/section><!-- widget-container -->\t\t<\/div>\n\t\t\t\t<\/div>\n\t\t\t\t<div class=\"aux-scroll-anim elementor-element elementor-element-9b995de elementor-widget__width-auto aux-appear-watch-animation aux-fade-in-down-1 elementor-widget elementor-widget-aux_image\" data-move-in=\"moveVertical\" data-move-out=\"moveVertical\" data-axis-x=\"200\" data-axis-y=\"30\" data-rotate=\"90\" data-scale=\"1\" data-vp-top=\"0.5\" data-vp-bot=\"0.5\" data-el-top=\"0.2\" data-scroll-animation-off=\"1024\" data-id=\"9b995de\" data-element_type=\"widget\" data-widget_type=\"aux_image.default\">\n\t\t\t\t<div class=\"elementor-widget-container\">\n\t\t\t<section class=\"widget-container aux-widget-image aux-alignnone aux-parent-au3c874c99\">\n    <div class=\"aux-media-hint-frame \">\n        <div class=\"aux-media-image \" >\n        \n            \n\n            \n            <img decoding=\"async\" src=\"https:\/\/contaempre.com.br\/wp-content\/uploads\/2022\/01\/card9-1.png\" alt=\"card9\" \/>            \n                <\/div>\n    <\/div>\n\n<\/section><!-- widget-container -->\t\t<\/div>\n\t\t\t\t<\/div>\n\t\t\t\t<div class=\"aux-scroll-anim elementor-element elementor-element-38603f5 elementor-widget__width-auto aux-appear-watch-animation aux-fade-in-left-1 elementor-widget elementor-widget-aux_image\" data-move-in=\"moveHorizontal\" data-move-out=\"moveHorizontal\" data-axis-x=\"15\" data-axis-y=\"15\" data-rotate=\"90\" data-scale=\"1\" data-vp-top=\"0.5\" data-vp-bot=\"0.5\" data-el-top=\"0.2\" data-scroll-animation-off=\"1024\" data-id=\"38603f5\" data-element_type=\"widget\" data-widget_type=\"aux_image.default\">\n\t\t\t\t<div class=\"elementor-widget-container\">\n\t\t\t<section class=\"widget-container aux-widget-image aux-alignnone aux-parent-au4f9d8b69\">\n    <div class=\"aux-media-hint-frame \">\n        <div class=\"aux-media-image \" >\n        \n            \n\n            \n            <img decoding=\"async\" src=\"https:\/\/contaempre.com.br\/wp-content\/uploads\/2022\/01\/Card-1-1.png\" alt=\"Card-1\" \/>            \n                <\/div>\n    <\/div>\n\n<\/section><!-- widget-container -->\t\t<\/div>\n\t\t\t\t<\/div>\n\t\t\t\t<div class=\"aux-scroll-anim elementor-element elementor-element-aad035d elementor-widget__width-auto aux-appear-watch-animation aux-fade-in-up-2 elementor-widget elementor-widget-aux_image\" data-move-in=\"moveHorizontal\" data-move-out=\"moveHorizontal\" data-axis-x=\"-30\" data-axis-y=\"200\" data-rotate=\"90\" data-scale=\"1\" data-vp-top=\"0.5\" data-vp-bot=\"0.5\" data-el-top=\"0.2\" data-scroll-animation-off=\"1024\" data-id=\"aad035d\" data-element_type=\"widget\" data-widget_type=\"aux_image.default\">\n\t\t\t\t<div class=\"elementor-widget-container\">\n\t\t\t<section class=\"widget-container aux-widget-image aux-alignnone aux-parent-aub40367fd\">\n    <div class=\"aux-media-hint-frame \">\n        <div class=\"aux-media-image \" >\n        \n            \n\n            \n            <img decoding=\"async\" src=\"https:\/\/contaempre.com.br\/wp-content\/uploads\/2022\/01\/Group-7555.png\" alt=\"Group-7555\" \/>            \n                <\/div>\n    <\/div>\n\n<\/section><!-- widget-container -->\t\t<\/div>\n\t\t\t\t<\/div>\n\t\t\t\t<div class=\"aux-scroll-anim elementor-element elementor-element-2daa717 elementor-widget__width-auto aux-appear-watch-animation aux-fade-in-up-1 elementor-widget elementor-widget-aux_image\" data-move-in=\"moveHorizontal\" data-move-out=\"moveHorizontal\" data-axis-x=\"-15\" data-axis-y=\"200\" data-rotate=\"90\" data-scale=\"1\" data-vp-top=\"0.5\" data-vp-bot=\"0.5\" data-el-top=\"0.2\" data-scroll-animation-off=\"1024\" data-id=\"2daa717\" data-element_type=\"widget\" data-widget_type=\"aux_image.default\">\n\t\t\t\t<div class=\"elementor-widget-container\">\n\t\t\t<section class=\"widget-container aux-widget-image aux-alignnone aux-parent-aud1a45453\">\n    <div class=\"aux-media-hint-frame \">\n        <div class=\"aux-media-image \" >\n        \n            \n\n            \n            <img decoding=\"async\" src=\"https:\/\/contaempre.com.br\/wp-content\/uploads\/2022\/01\/Card5-2.png\" alt=\"Card5\" \/>            \n                <\/div>\n    <\/div>\n\n<\/section><!-- widget-container -->\t\t<\/div>\n\t\t\t\t<\/div>\n\t\t\t\t<\/div>\n\t\t\t\t\t<\/div>\n\t\t\t\t<\/div>\n\t\t<div class=\"elementor-element elementor-element-66eb79b e-flex e-con-boxed e-con e-parent\" data-id=\"66eb79b\" data-element_type=\"container\" data-settings=\"{&quot;container_type&quot;:&quot;flex&quot;,&quot;content_width&quot;:&quot;boxed&quot;}\" data-core-v316-plus=\"true\">\n\t\t\t\t\t<div class=\"e-con-inner\">\n\t\t<div class=\"elementor-element elementor-element-26978f9 e-con-full e-flex e-con e-child\" data-id=\"26978f9\" data-element_type=\"container\" data-settings=\"{&quot;content_width&quot;:&quot;full&quot;,&quot;container_type&quot;:&quot;flex&quot;}\">\n\t\t\t\t<div class=\"aux-scroll-anim elementor-element elementor-element-f94d6c8 aux-appear-watch-animation aux-fade-in elementor-widget elementor-widget-aux_text\" data-move-in=\"moveVertical\" data-move-out=\"moveVertical\" data-axis-x=\"200\" data-axis-y=\"-10\" data-rotate=\"90\" data-scale=\"1\" data-vp-top=\"0.5\" data-vp-bot=\"0.5\" data-el-top=\"0.2\" data-scroll-animation-off=\"1024\" data-id=\"f94d6c8\" data-element_type=\"widget\" data-widget_type=\"aux_text.default\">\n\t\t\t\t<div class=\"elementor-widget-container\">\n\t\t\t<section class=\"widget-container aux-widget-text aux-parent-aubf30c49b\">        <div class=\"aux-widget-advanced-text aux-wrap-style-simple aux-ico-pos-top aux-text-center aux-text-resp- aux-text-color-dark aux-text-widget-bg-center aux-text-no-content \" >\n        \n                            <div class=\"aux-text-widget-header \"  >\n                        <div class=\"aux-ico-box aux-ico-large aux-ico-shape-circle aux-ico-clear \">\n                                                            <span class=\"aux-ico auxicon auxicon-calculator-3\" > <\/span>\n                                                    <\/div>\n                <\/div>\n            \n            <div class=\"aux-text-inner aux-text-widget-content\">\n                                <h4 class=\"col-title\">Consultoria cont\u00e1bil<\/h4>\n                            <\/div>\n        <\/div>\n                    <div class=\"aux-text-widget-footer\">\n                <div class=\"aux-border-shape-none \">\n                                <\/div>\n            <\/div>\n        \n<\/section><!-- widget-container -->\t\t<\/div>\n\t\t\t\t<\/div>\n\t\t\t\t<div class=\"aux-scroll-anim elementor-element elementor-element-5c3bf6f aux-appear-watch-animation aux-fade-in elementor-widget elementor-widget-aux_text\" data-move-in=\"moveVertical\" data-move-out=\"moveVertical\" data-axis-x=\"200\" data-axis-y=\"-10\" data-rotate=\"90\" data-scale=\"1\" data-vp-top=\"0.5\" data-vp-bot=\"0.5\" data-el-top=\"0.2\" data-scroll-animation-off=\"1024\" data-id=\"5c3bf6f\" data-element_type=\"widget\" data-widget_type=\"aux_text.default\">\n\t\t\t\t<div class=\"elementor-widget-container\">\n\t\t\t<section class=\"widget-container aux-widget-text aux-parent-auf0cbbca4\">        <div class=\"aux-widget-advanced-text aux-wrap-style-simple aux-ico-pos-top aux-text-center aux-text-resp- aux-text-color-dark aux-text-widget-bg-center aux-text-no-content \" >\n        \n                            <div class=\"aux-text-widget-header \"  >\n                        <div class=\"aux-ico-box aux-ico-large aux-ico-shape-circle aux-ico-clear \">\n                                                            <span class=\"aux-ico fas fa-money-check-alt\" > <\/span>\n                                                    <\/div>\n                <\/div>\n            \n            <div class=\"aux-text-inner aux-text-widget-content\">\n                                <h4 class=\"col-title\">Folha de pagamento eSocial<\/h4>\n                            <\/div>\n        <\/div>\n                    <div class=\"aux-text-widget-footer\">\n                <div class=\"aux-border-shape-none \">\n                                <\/div>\n            <\/div>\n        \n<\/section><!-- widget-container -->\t\t<\/div>\n\t\t\t\t<\/div>\n\t\t\t\t<div class=\"aux-scroll-anim elementor-element elementor-element-c827a8b aux-appear-watch-animation aux-fade-in elementor-widget elementor-widget-aux_text\" data-move-in=\"moveVertical\" data-move-out=\"moveVertical\" data-axis-x=\"200\" data-axis-y=\"-10\" data-rotate=\"90\" data-scale=\"1\" data-vp-top=\"0.5\" data-vp-bot=\"0.5\" data-el-top=\"0.2\" data-scroll-animation-off=\"1024\" data-id=\"c827a8b\" data-element_type=\"widget\" data-widget_type=\"aux_text.default\">\n\t\t\t\t<div class=\"elementor-widget-container\">\n\t\t\t<section class=\"widget-container aux-widget-text aux-parent-au70d07197\">        <div class=\"aux-widget-advanced-text aux-wrap-style-simple aux-ico-pos-top aux-text-center aux-text-resp- aux-text-color-dark aux-text-widget-bg-center aux-text-no-content \" >\n        \n                            <div class=\"aux-text-widget-header \"  >\n                        <div class=\"aux-ico-box aux-ico-large aux-ico-shape-circle aux-ico-clear \">\n                                                            <span class=\"aux-ico fas fa-file-invoice-dollar\" > <\/span>\n                                                    <\/div>\n                <\/div>\n            \n            <div class=\"aux-text-inner aux-text-widget-content\">\n                                <h4 class=\"col-title\">Recupera\u00e7\u00e3o de cr\u00e9ditos tribut\u00e1rios<\/h4>\n                            <\/div>\n        <\/div>\n                    <div class=\"aux-text-widget-footer\">\n                <div class=\"aux-border-shape-none \">\n                                <\/div>\n            <\/div>\n        \n<\/section><!-- widget-container -->\t\t<\/div>\n\t\t\t\t<\/div>\n\t\t\t\t<\/div>\n\t\t<div class=\"elementor-element elementor-element-48b5414 e-con-full e-flex e-con e-child\" data-id=\"48b5414\" data-element_type=\"container\" data-settings=\"{&quot;content_width&quot;:&quot;full&quot;,&quot;container_type&quot;:&quot;flex&quot;}\">\n\t\t\t\t<div class=\"aux-scroll-anim elementor-element elementor-element-ac2da39 aux-appear-watch-animation aux-fade-in elementor-widget elementor-widget-aux_text\" data-move-in=\"moveVertical\" data-move-out=\"moveVertical\" data-axis-x=\"200\" data-axis-y=\"-10\" data-rotate=\"90\" data-scale=\"1\" data-vp-top=\"0.5\" data-vp-bot=\"0.5\" data-el-top=\"0.2\" data-scroll-animation-off=\"1024\" data-id=\"ac2da39\" data-element_type=\"widget\" data-widget_type=\"aux_text.default\">\n\t\t\t\t<div class=\"elementor-widget-container\">\n\t\t\t<section class=\"widget-container aux-widget-text aux-parent-au9e0a3633\">        <div class=\"aux-widget-advanced-text aux-wrap-style-simple aux-ico-pos-top aux-text-center aux-text-resp- aux-text-color-dark aux-text-widget-bg-center aux-text-no-content \" >\n        \n                            <div class=\"aux-text-widget-header \"  >\n                        <div class=\"aux-ico-box aux-ico-large aux-ico-shape-circle aux-ico-clear \">\n                                                            <span class=\"aux-ico fas fa-handshake\" > <\/span>\n                                                    <\/div>\n                <\/div>\n            \n            <div class=\"aux-text-inner aux-text-widget-content\">\n                                <h4 class=\"col-title\">Consultoria societ\u00e1ria<\/h4>\n                            <\/div>\n        <\/div>\n                    <div class=\"aux-text-widget-footer\">\n                <div class=\"aux-border-shape-none \">\n                                <\/div>\n            <\/div>\n        \n<\/section><!-- widget-container -->\t\t<\/div>\n\t\t\t\t<\/div>\n\t\t\t\t<div class=\"aux-scroll-anim elementor-element elementor-element-8f57512 aux-appear-watch-animation aux-fade-in elementor-widget elementor-widget-aux_text\" data-move-in=\"moveVertical\" data-move-out=\"moveVertical\" data-axis-x=\"200\" data-axis-y=\"-10\" data-rotate=\"90\" data-scale=\"1\" data-vp-top=\"0.5\" data-vp-bot=\"0.5\" data-el-top=\"0.2\" data-scroll-animation-off=\"1024\" data-id=\"8f57512\" data-element_type=\"widget\" data-widget_type=\"aux_text.default\">\n\t\t\t\t<div class=\"elementor-widget-container\">\n\t\t\t<section class=\"widget-container aux-widget-text aux-parent-au4a843b31\">        <div class=\"aux-widget-advanced-text aux-wrap-style-simple aux-ico-pos-top aux-text-center aux-text-resp- aux-text-color-dark aux-text-widget-bg-center aux-text-no-content \" >\n        \n                            <div class=\"aux-text-widget-header \"  >\n                        <div class=\"aux-ico-box aux-ico-large aux-ico-shape-circle aux-ico-clear \">\n                                                            <span class=\"aux-ico fas fa-chalkboard-teacher\" > <\/span>\n                                                    <\/div>\n                <\/div>\n            \n            <div class=\"aux-text-inner aux-text-widget-content\">\n                                <h4 class=\"col-title\">Planejamento tribut\u00e1rio<\/h4>\n                            <\/div>\n        <\/div>\n                    <div class=\"aux-text-widget-footer\">\n                <div class=\"aux-border-shape-none \">\n                                <\/div>\n            <\/div>\n        \n<\/section><!-- widget-container -->\t\t<\/div>\n\t\t\t\t<\/div>\n\t\t\t\t<\/div>\n\t\t<div class=\"elementor-element elementor-element-7334e31 e-con-full e-flex e-con e-child\" data-id=\"7334e31\" data-element_type=\"container\" data-settings=\"{&quot;content_width&quot;:&quot;full&quot;,&quot;container_type&quot;:&quot;flex&quot;}\">\n\t\t\t\t<div class=\"elementor-element elementor-element-54c1ff1 aux-appear-watch-animation aux-fade-in-down-2 elementor-widget elementor-widget-aux_modern_heading\" data-id=\"54c1ff1\" data-element_type=\"widget\" data-widget_type=\"aux_modern_heading.default\">\n\t\t\t\t<div class=\"elementor-widget-container\">\n\t\t\t<section class=\"aux-widget-modern-heading\">\n            <div class=\"aux-widget-inner\"><h5 class=\"aux-modern-heading-primary\">Nossos servi\u00e7os<\/h5><h1 class=\"aux-modern-heading-secondary\"><span class=\"aux-head-before\">Experi\u00eancia completa<\/span><\/h1><div class=\"aux-modern-heading-description\"><p>In a professional context it often happens that private or corporate clients corder a publication to be made and presented .\u00a0<\/p><\/div><\/div>\n        <\/section>\t\t<\/div>\n\t\t\t\t<\/div>\n\t\t\t\t<div class=\"elementor-element elementor-element-5536aaa elementor-widget__width-auto aux-appear-watch-animation aux-scale-down-2 elementor-widget elementor-widget-aux_modern_button\" data-id=\"5536aaa\" data-element_type=\"widget\" data-widget_type=\"aux_modern_button.default\">\n\t\t\t\t<div class=\"elementor-widget-container\">\n\t\t\t    <div class=\"aux-modern-button-wrapper aux-modern-button-align-left\" >\n                    <a class=\"aux-modern-button aux-black aux-modern-button-md aux-modern-button-normal aux-modern-button-default aux-icon-\" href=\"https:\/\/contaempre.com.br\/?page_id=651\">\n                <div class=\"aux-overlay\"><\/div>\n                                    <div class=\"aux-icon \">\n                                            <\/div>\n                                <div class=\"aux-text\">\n<span class=\"aux-text-before\">Veja todos<\/span>                <\/div>\n            <\/a>\n            \n    <\/div>\n\n    \t\t<\/div>\n\t\t\t\t<\/div>\n\t\t\t\t<\/div>\n\t\t\t\t\t<\/div>\n\t\t\t\t<\/div>\n\t\t<div class=\"elementor-element elementor-element-bea5ce8 e-flex e-con-boxed e-con e-parent\" data-id=\"bea5ce8\" data-element_type=\"container\" data-settings=\"{&quot;container_type&quot;:&quot;flex&quot;,&quot;content_width&quot;:&quot;boxed&quot;}\" data-core-v316-plus=\"true\">\n\t\t\t\t\t<div class=\"e-con-inner\">\n\t\t<div class=\"elementor-element elementor-element-51fbce3 e-con-full e-flex e-con e-child\" data-id=\"51fbce3\" data-element_type=\"container\" data-settings=\"{&quot;content_width&quot;:&quot;full&quot;,&quot;container_type&quot;:&quot;flex&quot;}\">\n\t\t\t\t<div class=\"elementor-element elementor-element-fcb4eee elementor-widget__width-auto elementor-hidden-phone aux-appear-watch-animation aux-slide-from-left elementor-widget elementor-widget-aux_image\" data-id=\"fcb4eee\" data-element_type=\"widget\" data-widget_type=\"aux_image.default\">\n\t\t\t\t<div class=\"elementor-widget-container\">\n\t\t\t<section class=\"widget-container aux-widget-image aux-alignnone aux-parent-au2b1508f2\">\n    <div class=\"aux-media-hint-frame \">\n        <div class=\"aux-media-image \" >\n        \n            \n\n            \n            <img decoding=\"async\" src=\"https:\/\/contaempre.com.br\/wp-content\/uploads\/2022\/01\/Group-10048.png\" alt=\"Group-10048\" \/>            \n                <\/div>\n    <\/div>\n\n<\/section><!-- widget-container -->\t\t<\/div>\n\t\t\t\t<\/div>\n\t\t\t\t<div class=\"aux-scroll-anim elementor-element elementor-element-16238b1 elementor-widget elementor-widget-aux_image\" data-move-in=\"moveVertical\" data-move-out=\"moveVertical\" data-axis-x=\"200\" data-axis-y=\"20\" data-rotate=\"90\" data-scale=\"1\" data-vp-top=\"0.5\" data-vp-bot=\"0.5\" data-el-top=\"0.2\" data-scroll-animation-off=\"1024\" data-id=\"16238b1\" data-element_type=\"widget\" data-widget_type=\"aux_image.default\">\n\t\t\t\t<div class=\"elementor-widget-container\">\n\t\t\t<section class=\"widget-container aux-widget-image aux-alignnone aux-parent-au982b50fc\">\n    <div class=\"aux-media-hint-frame \">\n        <div class=\"aux-media-image \" >\n        \n            \n\n            \n            <img decoding=\"async\" src=\"https:\/\/contaempre.com.br\/wp-content\/uploads\/2022\/01\/878.jpg\" \/>            \n                <\/div>\n    <\/div>\n\n<\/section><!-- widget-container -->\t\t<\/div>\n\t\t\t\t<\/div>\n\t\t\t\t<div class=\"aux-scroll-anim elementor-element elementor-element-be7d353 elementor-widget__width-auto elementor-widget elementor-widget-aux_image\" data-move-in=\"moveVertical\" data-move-out=\"moveVertical\" data-axis-x=\"200\" data-axis-y=\"-20\" data-rotate=\"90\" data-scale=\"1\" data-vp-top=\"0.5\" data-vp-bot=\"0.5\" data-el-top=\"0.2\" data-scroll-animation-off=\"1024\" data-id=\"be7d353\" data-element_type=\"widget\" data-widget_type=\"aux_image.default\">\n\t\t\t\t<div class=\"elementor-widget-container\">\n\t\t\t<section class=\"widget-container aux-widget-image aux-alignnone aux-parent-au82c89a4f\">\n    <div class=\"aux-media-hint-frame \">\n        <div class=\"aux-media-image \" >\n        \n            \n\n            \n            <img decoding=\"async\" src=\"https:\/\/contaempre.com.br\/wp-content\/uploads\/2022\/01\/5558.jpg\" \/>            \n                <\/div>\n    <\/div>\n\n<\/section><!-- widget-container -->\t\t<\/div>\n\t\t\t\t<\/div>\n\t\t\t\t<\/div>\n\t\t<div class=\"elementor-element elementor-element-d0de62b e-con-full e-flex e-con e-child\" data-id=\"d0de62b\" data-element_type=\"container\" data-settings=\"{&quot;content_width&quot;:&quot;full&quot;,&quot;container_type&quot;:&quot;flex&quot;}\">\n\t\t\t\t<div class=\"elementor-element elementor-element-739f6cf aux-appear-watch-animation aux-fade-in-up elementor-widget elementor-widget-aux_modern_heading\" data-id=\"739f6cf\" data-element_type=\"widget\" data-widget_type=\"aux_modern_heading.default\">\n\t\t\t\t<div class=\"elementor-widget-container\">\n\t\t\t<section class=\"aux-widget-modern-heading\">\n            <div class=\"aux-widget-inner\"><h5 class=\"aux-modern-heading-primary\">CONHE\u00c7A A<\/h5><h1 class=\"aux-modern-heading-secondary\"><span class=\"aux-head-before\">Nossa empresa<\/span><\/h1><div class=\"aux-modern-heading-description\"><p align=\"justify\">Ap\u00f3s uma d\u00e9cada de experi\u00eancia profissional em uma das empresas refer\u00eancias no software de contabilidade para escrit\u00f3rios e empresas no Brasil, os fundadores da <strong>ContaEmpre Solu\u00e7\u00f5es<\/strong> <strong>Cont\u00e1beis<\/strong>, Mauri Trombetta e Matheus Marcante, perceberam um gap na presta\u00e7\u00e3o de servi\u00e7o cont\u00e1bil tradicional e a presta\u00e7\u00e3o de servi\u00e7o contabil digital exigida principalmente ap\u00f3s o per\u00edodo pand\u00eamico.<\/p><p align=\"justify\">Entendendo a necessidade de atualiza\u00e7\u00e3o no mercado cont\u00e1bil, a ContaEmpre Solu\u00e7\u00f5es Cont\u00e1beis foi criada com o intuito de otimiza\u00e7\u00e3o do tempo e processos burocr\u00e1ticos dos clientes.<\/p><\/div><\/div>\n        <\/section>\t\t<\/div>\n\t\t\t\t<\/div>\n\t\t\t\t<div class=\"elementor-element elementor-element-fbefd36 aux-appear-watch-animation aux-fade-in-up elementor-widget elementor-widget-aux_modern_heading\" data-id=\"fbefd36\" data-element_type=\"widget\" data-widget_type=\"aux_modern_heading.default\">\n\t\t\t\t<div class=\"elementor-widget-container\">\n\t\t\t<section class=\"aux-widget-modern-heading\">\n            <div class=\"aux-widget-inner\"><h5 class=\"aux-modern-heading-primary\"><\/h5><div class=\"aux-modern-heading-description\"><p align=\"justify\">Buscamos diariamente satisfazer as necessidades de nossos clientes, entregando a eles informa\u00e7\u00f5es de alta confiabilidade, com agilidade, seguran\u00e7a e \u00e9tica da contabilidade tradicional, sem a necessidade de deslocamento do cliente at\u00e9 o escrit\u00f3rio para tal.<\/p><p>Nossa equipe de trabalho acompanha diariamente atualiza\u00e7\u00f5es nessa nova era da Contabilidade Digital, contamos com assessorias para garantir atendimentos r\u00e1pidos e eficiente, e principalmente redu\u00e7\u00e3o de impostos de forma legal para o seu neg\u00f3cio.<\/p><\/div><\/div>\n        <\/section>\t\t<\/div>\n\t\t\t\t<\/div>\n\t\t\t\t<\/div>\n\t\t\t\t\t<\/div>\n\t\t\t\t<\/div>\n\t\t<div class=\"elementor-element elementor-element-54bd65c e-con-full e-flex e-con e-parent\" data-id=\"54bd65c\" data-element_type=\"container\" data-settings=\"{&quot;background_background&quot;:&quot;classic&quot;,&quot;content_width&quot;:&quot;full&quot;,&quot;shape_divider_top&quot;:&quot;curve&quot;,&quot;shape_divider_bottom&quot;:&quot;curve&quot;,&quot;shape_divider_bottom_negative&quot;:&quot;yes&quot;,&quot;container_type&quot;:&quot;flex&quot;}\" data-core-v316-plus=\"true\">\n\t\t\t\t<div class=\"elementor-shape elementor-shape-top\" data-negative=\"false\">\n\t\t\t<svg xmlns=\"http:\/\/www.w3.org\/2000\/svg\" viewBox=\"0 0 1000 100\" preserveAspectRatio=\"none\">\n    <path class=\"elementor-shape-fill\" d=\"M1000,4.3V0H0v4.3C0.9,23.1,126.7,99.2,500,100S1000,22.7,1000,4.3z\"\/>\n<\/svg>\t\t<\/div>\n\t\t\t\t<div class=\"elementor-shape elementor-shape-bottom\" data-negative=\"true\">\n\t\t\t<svg xmlns=\"http:\/\/www.w3.org\/2000\/svg\" viewBox=\"0 0 1000 100\" preserveAspectRatio=\"none\">\n\t<path class=\"elementor-shape-fill\" d=\"M500,97C126.7,96.3,0.8,19.8,0,0v100l1000,0V1C1000,19.4,873.3,97.8,500,97z\"\/>\n<\/svg>\t\t<\/div>\n\t\t<div class=\"elementor-element elementor-element-dcaf850 e-con-full e-flex e-con e-child\" data-id=\"dcaf850\" data-element_type=\"container\" data-settings=\"{&quot;content_width&quot;:&quot;full&quot;,&quot;container_type&quot;:&quot;flex&quot;}\">\n\t\t\t\t<div class=\"elementor-element elementor-element-acbb602 aux-appear-watch-animation aux-scale-down elementor-widget elementor-widget-aux_modern_heading\" data-id=\"acbb602\" data-element_type=\"widget\" data-widget_type=\"aux_modern_heading.default\">\n\t\t\t\t<div class=\"elementor-widget-container\">\n\t\t\t<section class=\"aux-widget-modern-heading\">\n            <div class=\"aux-widget-inner\"><h5 class=\"aux-modern-heading-primary\">LINKS E CONTE\u00daDO CONT\u00c1BIL<\/h5><h3 class=\"aux-modern-heading-secondary\"><span class=\"aux-head-before\">Para facilitar o eu dia-a-dia<\/span><\/h3><\/div>\n        <\/section>\t\t<\/div>\n\t\t\t\t<\/div>\n\t\t<div class=\"elementor-element elementor-element-56ebe2e e-con-full e-flex e-con e-child\" data-id=\"56ebe2e\" data-element_type=\"container\" data-settings=\"{&quot;content_width&quot;:&quot;full&quot;,&quot;container_type&quot;:&quot;flex&quot;}\">\n\t\t<div class=\"elementor-element elementor-element-5152fe5 e-con-full e-flex elementor-invisible e-con e-child\" data-id=\"5152fe5\" data-element_type=\"container\" data-settings=\"{&quot;animation&quot;:&quot;fadeInUp&quot;,&quot;animation_delay&quot;:100,&quot;content_width&quot;:&quot;full&quot;,&quot;container_type&quot;:&quot;flex&quot;}\">\n\t\t\t\t<div class=\"elementor-element elementor-element-a136683 elementor-align-justify elementor-widget elementor-widget-button\" data-id=\"a136683\" data-element_type=\"widget\" data-widget_type=\"button.default\">\n\t\t\t\t<div class=\"elementor-widget-container\">\n\t\t\t\t\t<div class=\"elementor-button-wrapper\">\n\t\t\t<a class=\"elementor-button elementor-button-link elementor-size-sm\" href=\"https:\/\/sitesa.com.br\/projetos\/modelos\/modelo12\/links\/agendas.html\" target=\"_blank\">\n\t\t\t\t\t\t<span class=\"elementor-button-content-wrapper\">\n\t\t\t\t\t\t<span class=\"elementor-button-text\">Agenda de Obriga\u00e7\u00f5es<\/span>\n\t\t<\/span>\n\t\t\t\t\t<\/a>\n\t\t<\/div>\n\t\t\t\t<\/div>\n\t\t\t\t<\/div>\n\t\t\t\t<div class=\"elementor-element elementor-element-d95e94c elementor-align-justify elementor-widget elementor-widget-button\" data-id=\"d95e94c\" data-element_type=\"widget\" data-widget_type=\"button.default\">\n\t\t\t\t<div class=\"elementor-widget-container\">\n\t\t\t\t\t<div class=\"elementor-button-wrapper\">\n\t\t\t<a class=\"elementor-button elementor-button-link elementor-size-sm\" href=\"https:\/\/sitesa.com.br\/projetos\/modelos\/modelo12\/links\/calculos.html\" target=\"_blank\">\n\t\t\t\t\t\t<span class=\"elementor-button-content-wrapper\">\n\t\t\t\t\t\t<span class=\"elementor-button-text\">C\u00e1lculos em atraso<\/span>\n\t\t<\/span>\n\t\t\t\t\t<\/a>\n\t\t<\/div>\n\t\t\t\t<\/div>\n\t\t\t\t<\/div>\n\t\t\t\t<\/div>\n\t\t<div class=\"elementor-element elementor-element-28e29a5 e-con-full e-flex elementor-invisible e-con e-child\" data-id=\"28e29a5\" data-element_type=\"container\" data-settings=\"{&quot;animation&quot;:&quot;fadeInUp&quot;,&quot;animation_delay&quot;:300,&quot;content_width&quot;:&quot;full&quot;,&quot;container_type&quot;:&quot;flex&quot;}\">\n\t\t\t\t<div class=\"elementor-element elementor-element-18ea969 elementor-align-justify elementor-widget elementor-widget-button\" data-id=\"18ea969\" data-element_type=\"widget\" data-widget_type=\"button.default\">\n\t\t\t\t<div class=\"elementor-widget-container\">\n\t\t\t\t\t<div class=\"elementor-button-wrapper\">\n\t\t\t<a class=\"elementor-button elementor-button-link elementor-size-sm\" href=\"https:\/\/sitesa.com.br\/projetos\/modelos\/modelo12\/links\/conteudo_fiscal.html\" target=\"_blank\">\n\t\t\t\t\t\t<span class=\"elementor-button-content-wrapper\">\n\t\t\t\t\t\t<span class=\"elementor-button-text\">Ambiente Fiscal<\/span>\n\t\t<\/span>\n\t\t\t\t\t<\/a>\n\t\t<\/div>\n\t\t\t\t<\/div>\n\t\t\t\t<\/div>\n\t\t\t\t<div class=\"elementor-element elementor-element-71325b0 elementor-align-justify elementor-widget elementor-widget-button\" data-id=\"71325b0\" data-element_type=\"widget\" data-widget_type=\"button.default\">\n\t\t\t\t<div class=\"elementor-widget-container\">\n\t\t\t\t\t<div class=\"elementor-button-wrapper\">\n\t\t\t<a class=\"elementor-button elementor-button-link elementor-size-sm\" href=\"https:\/\/sitesa.com.br\/projetos\/modelos\/modelo12\/links\/documentos.html\" target=\"_blank\">\n\t\t\t\t\t\t<span class=\"elementor-button-content-wrapper\">\n\t\t\t\t\t\t<span class=\"elementor-button-text\">Documentos Cont\u00e1beis<\/span>\n\t\t<\/span>\n\t\t\t\t\t<\/a>\n\t\t<\/div>\n\t\t\t\t<\/div>\n\t\t\t\t<\/div>\n\t\t\t\t<\/div>\n\t\t<div class=\"elementor-element elementor-element-70d7861 e-con-full e-flex elementor-invisible e-con e-child\" data-id=\"70d7861\" data-element_type=\"container\" data-settings=\"{&quot;animation&quot;:&quot;fadeInUp&quot;,&quot;animation_delay&quot;:500,&quot;content_width&quot;:&quot;full&quot;,&quot;container_type&quot;:&quot;flex&quot;}\">\n\t\t\t\t<div class=\"elementor-element elementor-element-d6a2269 elementor-align-justify elementor-widget elementor-widget-button\" data-id=\"d6a2269\" data-element_type=\"widget\" data-widget_type=\"button.default\">\n\t\t\t\t<div class=\"elementor-widget-container\">\n\t\t\t\t\t<div class=\"elementor-button-wrapper\">\n\t\t\t<a class=\"elementor-button elementor-button-link elementor-size-sm\" href=\"https:\/\/sitesa.com.br\/projetos\/modelos\/modelo12\/links\/conteudo_trabalhista.html\" target=\"_blank\">\n\t\t\t\t\t\t<span class=\"elementor-button-content-wrapper\">\n\t\t\t\t\t\t<span class=\"elementor-button-text\">Ambiente Trabalhista<\/span>\n\t\t<\/span>\n\t\t\t\t\t<\/a>\n\t\t<\/div>\n\t\t\t\t<\/div>\n\t\t\t\t<\/div>\n\t\t\t\t<div class=\"elementor-element elementor-element-edac5b1 elementor-align-justify elementor-widget elementor-widget-button\" data-id=\"edac5b1\" data-element_type=\"widget\" data-widget_type=\"button.default\">\n\t\t\t\t<div class=\"elementor-widget-container\">\n\t\t\t\t\t<div class=\"elementor-button-wrapper\">\n\t\t\t<a class=\"elementor-button elementor-button-link elementor-size-sm\" href=\"https:\/\/sitesa.com.br\/projetos\/modelos\/modelo12\/links\/legislacao.html\" target=\"_blank\">\n\t\t\t\t\t\t<span class=\"elementor-button-content-wrapper\">\n\t\t\t\t\t\t<span class=\"elementor-button-text\">Legisla\u00e7\u00e3o por assunto<\/span>\n\t\t<\/span>\n\t\t\t\t\t<\/a>\n\t\t<\/div>\n\t\t\t\t<\/div>\n\t\t\t\t<\/div>\n\t\t\t\t<\/div>\n\t\t<div class=\"elementor-element elementor-element-de2b676 e-con-full e-flex elementor-invisible e-con e-child\" data-id=\"de2b676\" data-element_type=\"container\" data-settings=\"{&quot;animation&quot;:&quot;fadeInUp&quot;,&quot;animation_delay&quot;:700,&quot;content_width&quot;:&quot;full&quot;,&quot;container_type&quot;:&quot;flex&quot;}\">\n\t\t\t\t<div class=\"elementor-element elementor-element-d02d19c elementor-align-justify elementor-widget elementor-widget-button\" data-id=\"d02d19c\" data-element_type=\"widget\" data-widget_type=\"button.default\">\n\t\t\t\t<div class=\"elementor-widget-container\">\n\t\t\t\t\t<div class=\"elementor-button-wrapper\">\n\t\t\t<a class=\"elementor-button elementor-button-link elementor-size-sm\" href=\"https:\/\/sitesa.com.br\/projetos\/modelos\/modelo12\/links\/bolsas.html\" target=\"_blank\">\n\t\t\t\t\t\t<span class=\"elementor-button-content-wrapper\">\n\t\t\t\t\t\t<span class=\"elementor-button-text\">Bolsas e institui\u00e7\u00f5es financeiras<\/span>\n\t\t<\/span>\n\t\t\t\t\t<\/a>\n\t\t<\/div>\n\t\t\t\t<\/div>\n\t\t\t\t<\/div>\n\t\t\t\t<div class=\"elementor-element elementor-element-f938743 elementor-align-justify elementor-widget elementor-widget-button\" data-id=\"f938743\" data-element_type=\"widget\" data-widget_type=\"button.default\">\n\t\t\t\t<div class=\"elementor-widget-container\">\n\t\t\t\t\t<div class=\"elementor-button-wrapper\">\n\t\t\t<a class=\"elementor-button elementor-button-link elementor-size-sm\" href=\"https:\/\/sitesa.com.br\/projetos\/modelos\/modelo12\/links\/gerador.html\" target=\"_blank\">\n\t\t\t\t\t\t<span class=\"elementor-button-content-wrapper\">\n\t\t\t\t\t\t<span class=\"elementor-button-text\">Gerador online (GPS, DARF)<\/span>\n\t\t<\/span>\n\t\t\t\t\t<\/a>\n\t\t<\/div>\n\t\t\t\t<\/div>\n\t\t\t\t<\/div>\n\t\t\t\t<\/div>\n\t\t\t\t<\/div>\n\t\t\t\t<div class=\"elementor-element elementor-element-9c52d32 elementor-widget__width-auto aux-appear-watch-animation aux-scale-down-1 elementor-widget elementor-widget-aux_modern_button\" data-id=\"9c52d32\" data-element_type=\"widget\" data-widget_type=\"aux_modern_button.default\">\n\t\t\t\t<div class=\"elementor-widget-container\">\n\t\t\t    <div class=\"aux-modern-button-wrapper aux-modern-button-align-center\" >\n                    <a class=\"aux-modern-button aux-black aux-modern-button-md aux-modern-button-normal aux-modern-button-default aux-icon-\" href=\"https:\/\/contaempre.com.br\/?page_id=100\">\n                <div class=\"aux-overlay\"><\/div>\n                                    <div class=\"aux-icon \">\n                                            <\/div>\n                                <div class=\"aux-text\">\n<span class=\"aux-text-before\">Veja todos os links<\/span>                <\/div>\n            <\/a>\n            \n    <\/div>\n\n    \t\t<\/div>\n\t\t\t\t<\/div>\n\t\t\t\t<\/div>\n\t\t\t\t<\/div>\n\t\t<div class=\"elementor-element elementor-element-b541f0d e-flex e-con-boxed e-con e-parent\" data-id=\"b541f0d\" data-element_type=\"container\" data-settings=\"{&quot;background_background&quot;:&quot;classic&quot;,&quot;shape_divider_top&quot;:&quot;curve&quot;,&quot;shape_divider_top_negative&quot;:&quot;yes&quot;,&quot;shape_divider_bottom&quot;:&quot;curve&quot;,&quot;shape_divider_bottom_negative&quot;:&quot;yes&quot;,&quot;container_type&quot;:&quot;flex&quot;,&quot;content_width&quot;:&quot;boxed&quot;}\" data-core-v316-plus=\"true\">\n\t\t\t\t\t<div class=\"e-con-inner\">\n\t\t\t\t<div class=\"elementor-shape elementor-shape-top\" data-negative=\"true\">\n\t\t\t<svg xmlns=\"http:\/\/www.w3.org\/2000\/svg\" viewBox=\"0 0 1000 100\" preserveAspectRatio=\"none\">\n\t<path class=\"elementor-shape-fill\" d=\"M500,97C126.7,96.3,0.8,19.8,0,0v100l1000,0V1C1000,19.4,873.3,97.8,500,97z\"\/>\n<\/svg>\t\t<\/div>\n\t\t\t\t<div class=\"elementor-shape elementor-shape-bottom\" data-negative=\"true\">\n\t\t\t<svg xmlns=\"http:\/\/www.w3.org\/2000\/svg\" viewBox=\"0 0 1000 100\" preserveAspectRatio=\"none\">\n\t<path class=\"elementor-shape-fill\" d=\"M500,97C126.7,96.3,0.8,19.8,0,0v100l1000,0V1C1000,19.4,873.3,97.8,500,97z\"\/>\n<\/svg>\t\t<\/div>\n\t\t<div class=\"elementor-element elementor-element-6d5c490 e-flex e-con-boxed e-con e-child\" data-id=\"6d5c490\" data-element_type=\"container\" data-settings=\"{&quot;container_type&quot;:&quot;flex&quot;,&quot;content_width&quot;:&quot;boxed&quot;}\">\n\t\t\t\t\t<div class=\"e-con-inner\">\n\t\t\t\t<div class=\"elementor-element elementor-element-eecf6f6 aux-appear-watch-animation aux-scale-down elementor-widget elementor-widget-aux_modern_heading\" data-id=\"eecf6f6\" data-element_type=\"widget\" data-widget_type=\"aux_modern_heading.default\">\n\t\t\t\t<div class=\"elementor-widget-container\">\n\t\t\t<section class=\"aux-widget-modern-heading\">\n            <div class=\"aux-widget-inner\"><h5 class=\"aux-modern-heading-primary\">NOSSOS PLANOS<\/h5><h1 class=\"aux-modern-heading-secondary\"><span class=\"aux-head-before\">Escolha o plano ideal para o seu neg\u00f3cio<\/span><\/h1><\/div>\n        <\/section>\t\t<\/div>\n\t\t\t\t<\/div>\n\t\t<div class=\"elementor-element elementor-element-eb63a6d e-con-full e-flex e-con e-child\" data-id=\"eb63a6d\" data-element_type=\"container\" data-settings=\"{&quot;content_width&quot;:&quot;full&quot;,&quot;container_type&quot;:&quot;flex&quot;}\">\n\t\t<div class=\"elementor-element elementor-element-cf36101 aux-appear-watch-animation aux-fade-in-left-1 e-con-full e-flex e-con e-child\" data-id=\"cf36101\" data-element_type=\"container\" data-settings=\"{&quot;background_background&quot;:&quot;classic&quot;,&quot;content_width&quot;:&quot;full&quot;,&quot;container_type&quot;:&quot;flex&quot;}\">\n\t\t\t\t<div class=\"elementor-element elementor-element-53edcee elementor-widget elementor-widget-aux_modern_heading\" data-id=\"53edcee\" data-element_type=\"widget\" data-widget_type=\"aux_modern_heading.default\">\n\t\t\t\t<div class=\"elementor-widget-container\">\n\t\t\t<section class=\"aux-widget-modern-heading\">\n            <div class=\"aux-widget-inner\"><h3 class=\"aux-modern-heading-primary\">B\u00e1sico<\/h3><\/div>\n        <\/section>\t\t<\/div>\n\t\t\t\t<\/div>\n\t\t\t\t<div class=\"elementor-element elementor-element-71267dd elementor-widget elementor-widget-aux_icon_list\" data-id=\"71267dd\" data-element_type=\"widget\" data-widget_type=\"aux_icon_list.default\">\n\t\t\t\t<div class=\"elementor-widget-container\">\n\t\t\t<section class=\"widget-container aux-widget-icon-list aux-parent-au0be1be0a\" style=\"\" ><div class=\"widget-inner\"><div class=\"aux-widget-icon-list-inner\"><ul class=\"aux-icon-list-items aux-direction-default\" ><li class=\"aux-icon-list-item aux-list-item-has-icon aux-icon-list-item-726b294 elementor-repeater-item-726b294\" ><span class=\"aux-icon-list-icon auxicon auxicon-checkmark\" ><\/span><span class=\"aux-icon-list-text\" >Limite de faturamento de at\u00e9 R$ 180.000,00 anual<\/span><\/li><li class=\"aux-icon-list-item aux-list-item-has-icon aux-icon-list-item-aeef658 elementor-repeater-item-aeef658\" ><span class=\"aux-icon-list-icon auxicon auxicon-checkmark\" ><\/span><span class=\"aux-icon-list-text\" >Folha de pagamento e eSocial<\/span><\/li><li class=\"aux-icon-list-item aux-list-item-has-icon aux-icon-list-item-b58d32d elementor-repeater-item-b58d32d\" ><span class=\"aux-icon-list-icon auxicon auxicon-checkmark\" ><\/span><span class=\"aux-icon-list-text\" >Fiscal e contabilidade<\/span><\/li><li class=\"aux-icon-list-item aux-list-item-has-icon aux-icon-list-item-06f0431 elementor-repeater-item-06f0431\" ><span class=\"aux-icon-list-icon auxicon auxicon-checkmark\" ><\/span><span class=\"aux-icon-list-text\" >Contabilidade digital<\/span><\/li><li class=\"aux-icon-list-item aux-list-item-has-icon aux-icon-list-item-037654f elementor-repeater-item-037654f\" ><span class=\"aux-icon-list-icon auxicon auxicon-checkmark\" ><\/span><span class=\"aux-icon-list-text\" >Abertura de ME e EPP<\/span><\/li><li class=\"aux-icon-list-item aux-list-item-has-icon aux-icon-list-item-7d1a275 elementor-repeater-item-7d1a275\" ><span class=\"aux-icon-list-icon auxicon auxicon-checkmark\" ><\/span><span class=\"aux-icon-list-text\" >Suporte por Whatsapp, e-mail<\/span><\/li><\/ul><\/div><\/div><\/section><!-- widget-container -->\t\t<\/div>\n\t\t\t\t<\/div>\n\t\t\t\t<div class=\"elementor-element elementor-element-6e535f1 elementor-widget elementor-widget-aux_modern_button\" data-id=\"6e535f1\" data-element_type=\"widget\" data-widget_type=\"aux_modern_button.default\">\n\t\t\t\t<div class=\"elementor-widget-container\">\n\t\t\t    <div class=\"aux-modern-button-wrapper aux-modern-button-align-left\" >\n                    <a class=\"aux-modern-button aux-black aux-modern-button-md aux-modern-button-normal aux-modern-button-default aux-icon-right\" href=\"https:\/\/contaempre.com.br\/?page_id=99\">\n                <div class=\"aux-overlay\"><\/div>\n                                    <div class=\"aux-icon \">\n                        <i aria-hidden=\"true\" class=\"auxicon auxicon-triangle-right\"><\/i>                    <\/div>\n                                <div class=\"aux-text\">\n<span class=\"aux-text-before\">Solicitar or\u00e7amento<\/span>                <\/div>\n            <\/a>\n            \n    <\/div>\n\n    \t\t<\/div>\n\t\t\t\t<\/div>\n\t\t\t\t<\/div>\n\t\t<div class=\"elementor-element elementor-element-1e9ea1c aux-appear-watch-animation aux-scale-down e-con-full e-flex e-con e-child\" data-id=\"1e9ea1c\" data-element_type=\"container\" data-settings=\"{&quot;background_background&quot;:&quot;classic&quot;,&quot;content_width&quot;:&quot;full&quot;,&quot;container_type&quot;:&quot;flex&quot;}\">\n\t\t\t\t<div class=\"elementor-element elementor-element-9dfc2c2 elementor-widget elementor-widget-aux_modern_heading\" data-id=\"9dfc2c2\" data-element_type=\"widget\" data-widget_type=\"aux_modern_heading.default\">\n\t\t\t\t<div class=\"elementor-widget-container\">\n\t\t\t<section class=\"aux-widget-modern-heading\">\n            <div class=\"aux-widget-inner\"><h3 class=\"aux-modern-heading-primary\">Padr\u00e3o<\/h3><\/div>\n        <\/section>\t\t<\/div>\n\t\t\t\t<\/div>\n\t\t\t\t<div class=\"elementor-element elementor-element-dbfdcac elementor-widget elementor-widget-aux_icon_list\" data-id=\"dbfdcac\" data-element_type=\"widget\" data-widget_type=\"aux_icon_list.default\">\n\t\t\t\t<div class=\"elementor-widget-container\">\n\t\t\t<section class=\"widget-container aux-widget-icon-list aux-parent-aufec940d0\" style=\"\" ><div class=\"widget-inner\"><div class=\"aux-widget-icon-list-inner\"><ul class=\"aux-icon-list-items aux-direction-default\" ><li class=\"aux-icon-list-item aux-list-item-has-icon aux-icon-list-item-726b294 elementor-repeater-item-726b294\" ><span class=\"aux-icon-list-icon auxicon auxicon-checkmark\" ><\/span><span class=\"aux-icon-list-text\" >Contabilidade completa<\/span><\/li><li class=\"aux-icon-list-item aux-list-item-has-icon aux-icon-list-item-aeef658 elementor-repeater-item-aeef658\" ><span class=\"aux-icon-list-icon auxicon auxicon-checkmark\" ><\/span><span class=\"aux-icon-list-text\" >Consultoria patrimonial e societ\u00e1ria<\/span><\/li><li class=\"aux-icon-list-item aux-list-item-has-icon aux-icon-list-item-b58d32d elementor-repeater-item-b58d32d\" ><span class=\"aux-icon-list-icon auxicon auxicon-checkmark\" ><\/span><span class=\"aux-icon-list-text\" >Revis\u00e3o de tributos fiscais dos \u00faltimos 5 anos<\/span><\/li><li class=\"aux-icon-list-item aux-list-item-has-icon aux-icon-list-item-61775f3 elementor-repeater-item-61775f3\" ><span class=\"aux-icon-list-icon auxicon auxicon-checkmark\" ><\/span><span class=\"aux-icon-list-text\" >Contabilidade digital<\/span><\/li><li class=\"aux-icon-list-item aux-list-item-has-icon aux-icon-list-item-488e986 elementor-repeater-item-488e986\" ><span class=\"aux-icon-list-icon auxicon auxicon-checkmark\" ><\/span><span class=\"aux-icon-list-text\" >Faturamento igual ou superior a R$ 180.000,00 at\u00e9 R$ 360.000,00 anual<\/span><\/li><li class=\"aux-icon-list-item aux-list-item-has-icon aux-icon-list-item-f6747f7 elementor-repeater-item-f6747f7\" ><span class=\"aux-icon-list-icon auxicon auxicon-checkmark\" ><\/span><span class=\"aux-icon-list-text\" >Suporte por Whatsapp, E-mail, Telefone<\/span><\/li><\/ul><\/div><\/div><\/section><!-- widget-container -->\t\t<\/div>\n\t\t\t\t<\/div>\n\t\t\t\t<div class=\"elementor-element elementor-element-db4d3c4 elementor-widget elementor-widget-aux_modern_button\" data-id=\"db4d3c4\" data-element_type=\"widget\" data-widget_type=\"aux_modern_button.default\">\n\t\t\t\t<div class=\"elementor-widget-container\">\n\t\t\t    <div class=\"aux-modern-button-wrapper aux-modern-button-align-left\" >\n                    <a class=\"aux-modern-button aux-black aux-modern-button-md aux-modern-button-normal aux-modern-button-default aux-icon-right\" href=\"https:\/\/contaempre.com.br\/?page_id=99\">\n                <div class=\"aux-overlay\"><\/div>\n                                    <div class=\"aux-icon \">\n                        <i aria-hidden=\"true\" class=\"auxicon auxicon-triangle-right\"><\/i>                    <\/div>\n                                <div class=\"aux-text\">\n<span class=\"aux-text-before\">Solicitar or\u00e7amento<\/span>                <\/div>\n            <\/a>\n            \n    <\/div>\n\n    \t\t<\/div>\n\t\t\t\t<\/div>\n\t\t\t\t<\/div>\n\t\t<div class=\"elementor-element elementor-element-4b0546d aux-appear-watch-animation aux-fade-in-right-1 e-con-full e-flex e-con e-child\" data-id=\"4b0546d\" data-element_type=\"container\" data-settings=\"{&quot;background_background&quot;:&quot;classic&quot;,&quot;content_width&quot;:&quot;full&quot;,&quot;container_type&quot;:&quot;flex&quot;}\">\n\t\t\t\t<div class=\"elementor-element elementor-element-70b8a20 elementor-widget elementor-widget-aux_modern_heading\" data-id=\"70b8a20\" data-element_type=\"widget\" data-widget_type=\"aux_modern_heading.default\">\n\t\t\t\t<div class=\"elementor-widget-container\">\n\t\t\t<section class=\"aux-widget-modern-heading\">\n            <div class=\"aux-widget-inner\"><h3 class=\"aux-modern-heading-primary\">Premium<\/h3><\/div>\n        <\/section>\t\t<\/div>\n\t\t\t\t<\/div>\n\t\t\t\t<div class=\"elementor-element elementor-element-8d46eae elementor-widget elementor-widget-aux_icon_list\" data-id=\"8d46eae\" data-element_type=\"widget\" data-widget_type=\"aux_icon_list.default\">\n\t\t\t\t<div class=\"elementor-widget-container\">\n\t\t\t<section class=\"widget-container aux-widget-icon-list aux-parent-au482f5031\" style=\"\" ><div class=\"widget-inner\"><div class=\"aux-widget-icon-list-inner\"><ul class=\"aux-icon-list-items aux-direction-default\" ><li class=\"aux-icon-list-item aux-list-item-has-icon aux-icon-list-item-726b294 elementor-repeater-item-726b294\" ><span class=\"aux-icon-list-icon auxicon auxicon-checkmark\" ><\/span><span class=\"aux-icon-list-text\" >Contabilidade completa<\/span><\/li><li class=\"aux-icon-list-item aux-list-item-has-icon aux-icon-list-item-aeef658 elementor-repeater-item-aeef658\" ><span class=\"aux-icon-list-icon auxicon auxicon-checkmark\" ><\/span><span class=\"aux-icon-list-text\" >Consultoria patrimonial e societ\u00e1ria<\/span><\/li><li class=\"aux-icon-list-item aux-list-item-has-icon aux-icon-list-item-b58d32d elementor-repeater-item-b58d32d\" ><span class=\"aux-icon-list-icon auxicon auxicon-checkmark\" ><\/span><span class=\"aux-icon-list-text\" >Revis\u00e3o de tributos fiscais dos \u00faltimos 5 anos<\/span><\/li><li class=\"aux-icon-list-item aux-list-item-has-icon aux-icon-list-item-61775f3 elementor-repeater-item-61775f3\" ><span class=\"aux-icon-list-icon auxicon auxicon-checkmark\" ><\/span><span class=\"aux-icon-list-text\" >Contabilidade digital<\/span><\/li><li class=\"aux-icon-list-item aux-list-item-has-icon aux-icon-list-item-b1d3bd4 elementor-repeater-item-b1d3bd4\" ><span class=\"aux-icon-list-icon auxicon auxicon-checkmark\" ><\/span><span class=\"aux-icon-list-text\" >Sem limite de faturamento<\/span><\/li><li class=\"aux-icon-list-item aux-list-item-has-icon aux-icon-list-item-8108038 elementor-repeater-item-8108038\" ><span class=\"aux-icon-list-icon auxicon auxicon-checkmark\" ><\/span><span class=\"aux-icon-list-text\" >Suporte por Whatsapp, E-mail, Telefone<\/span><\/li><li class=\"aux-icon-list-item aux-list-item-has-icon aux-icon-list-item-50fc7df elementor-repeater-item-50fc7df\" ><span class=\"aux-icon-list-icon auxicon auxicon-checkmark\" ><\/span><span class=\"aux-icon-list-text\" >Declara\u00e7\u00e3o do Imposto Renda Pessoa Jur\u00eddica<\/span><\/li><\/ul><\/div><\/div><\/section><!-- widget-container -->\t\t<\/div>\n\t\t\t\t<\/div>\n\t\t\t\t<div class=\"elementor-element elementor-element-4e3b116 elementor-widget elementor-widget-aux_modern_button\" data-id=\"4e3b116\" data-element_type=\"widget\" data-widget_type=\"aux_modern_button.default\">\n\t\t\t\t<div class=\"elementor-widget-container\">\n\t\t\t    <div class=\"aux-modern-button-wrapper aux-modern-button-align-left\" >\n                    <a class=\"aux-modern-button aux-black aux-modern-button-md aux-modern-button-normal aux-modern-button-default aux-icon-right\" href=\"https:\/\/contaempre.com.br\/?page_id=99\">\n                <div class=\"aux-overlay\"><\/div>\n                                    <div class=\"aux-icon \">\n                        <i aria-hidden=\"true\" class=\"auxicon auxicon-triangle-right\"><\/i>                    <\/div>\n                                <div class=\"aux-text\">\n<span class=\"aux-text-before\">Solicitar or\u00e7amento<\/span>                <\/div>\n            <\/a>\n            \n    <\/div>\n\n    \t\t<\/div>\n\t\t\t\t<\/div>\n\t\t\t\t<\/div>\n\t\t\t\t<\/div>\n\t\t\t\t\t<\/div>\n\t\t\t\t<\/div>\n\t\t\t\t\t<\/div>\n\t\t\t\t<\/div>\n\t\t<div class=\"elementor-element elementor-element-7002f16 e-con-full e-flex e-con e-parent\" data-id=\"7002f16\" data-element_type=\"container\" data-settings=\"{&quot;content_width&quot;:&quot;full&quot;,&quot;container_type&quot;:&quot;flex&quot;}\" data-core-v316-plus=\"true\">\n\t\t<div class=\"elementor-element elementor-element-4eaf0d6 e-con-full e-flex e-con e-child\" data-id=\"4eaf0d6\" data-element_type=\"container\" data-settings=\"{&quot;content_width&quot;:&quot;full&quot;,&quot;container_type&quot;:&quot;flex&quot;}\">\n\t\t\t\t<div class=\"elementor-element elementor-element-9e412a8 aux-appear-watch-animation aux-scale-down elementor-widget elementor-widget-aux_modern_heading\" data-id=\"9e412a8\" data-element_type=\"widget\" data-widget_type=\"aux_modern_heading.default\">\n\t\t\t\t<div class=\"elementor-widget-container\">\n\t\t\t<section class=\"aux-widget-modern-heading\">\n            <div class=\"aux-widget-inner\"><h5 class=\"aux-modern-heading-primary\">CONTE\u00daDO ONLINE<\/h5><\/div>\n        <\/section>\t\t<\/div>\n\t\t\t\t<\/div>\n\t\t<div class=\"elementor-element elementor-element-437b302 e-con-full e-flex e-con e-child\" data-id=\"437b302\" data-element_type=\"container\" data-settings=\"{&quot;content_width&quot;:&quot;full&quot;,&quot;container_type&quot;:&quot;flex&quot;}\">\n\t\t<div class=\"elementor-element elementor-element-ea9d6e7 e-con-full e-flex e-con e-child\" data-id=\"ea9d6e7\" data-element_type=\"container\" data-settings=\"{&quot;content_width&quot;:&quot;full&quot;,&quot;container_type&quot;:&quot;flex&quot;}\">\n\t\t\t\t<div class=\"elementor-element elementor-element-fec5aab elementor-widget elementor-widget-heading\" data-id=\"fec5aab\" data-element_type=\"widget\" data-widget_type=\"heading.default\">\n\t\t\t\t<div class=\"elementor-widget-container\">\n\t\t\t<h2 class=\"elementor-heading-title elementor-size-default\">Calend\u00e1rio Federal<\/h2>\t\t<\/div>\n\t\t\t\t<\/div>\n\t\t\t\t<div class=\"elementor-element elementor-element-04e2861 elementor-widget elementor-widget-shortcode\" data-id=\"04e2861\" data-element_type=\"widget\" data-widget_type=\"shortcode.default\">\n\t\t\t\t<div class=\"elementor-widget-container\">\n\t\t\t\t\t<div class=\"elementor-shortcode\">\n\n<!-- CJT Shortcode Block (5) - calendario-federal - START -->\n<span id='csmi-94f861c85114585f713d52c94205a198' class='csmi csmi-bid-5 csmi-calendario-federal'>\ufeff<form name=\"frm\" id=\"frm\" action=\"javascript:void(0)\" method=\"post\" autocomplete=\"off\">\n<table cellpadding=\"0\" cellspacing=\"0\" class=\"grid\"><thead><tr class=\"headings\"><th><a href=\"javascript:void(0)\" onclick=\"window.location.href='?Mes=4&Ano=2026'\">&lt;<\/a><\/th><th colspan=\"5\">MAI\/2026<\/th><th><a href=\"javascript:void(0)\" onclick=\"window.location.href='?Mes=6&Ano=2026'\">&gt;<\/a><\/th><\/tr><tr class=\"headings gradiente\"><th width=\"14%\" style=\"border-left:1px solid #DADFE0;\"><a><span>D<\/span><\/a><\/th><th width=\"14%\"><span><a>S<\/span><\/a><\/th><th width=\"14%\"><span><a>T<\/span><\/a><\/th><th width=\"14%\"><span><a>Q<\/span><\/a><\/th><th width=\"14%\"><span><a>Q<\/span><\/a><\/th><th width=\"14%\"><span><a>S<\/span><\/a><\/th><th width=\"14%\"><span><a>S<\/a><\/span><\/th><\/tr><\/thead><tbody><tr class=\"calendar-row calendar\"><td class=\"calendar-day-np\" style=\"border-left:0px;\">&nbsp;<\/td><td class=\"calendar-day-np\" style=\"border-left:0px;\">&nbsp;<\/td><td class=\"calendar-day-np\" style=\"border-left:0px;\">&nbsp;<\/td><td class=\"calendar-day-np\" style=\"border-left:0px;\">&nbsp;<\/td><td class=\"calendar-day-np\" style=\"border-left:0px;\">&nbsp;<\/td><td id=\"2026-05-01\" class=\"calendarDay\">\n\t\t\t\t<div class=\"dayNumber\">\n\t\t\t\t\t<a href=\"javascript:;\" data-fancybox data-src=\"#vis1\">01<\/a>\n\t\t\t\t<\/div><\/td><td id=\"2026-05-02\" class=\"calendarDay\" style=\"border-right:1px solid #DADFE0;\">\n\t\t\t\t<div class=\"dayNumber\">\n\t\t\t\t\t<a href=\"javascript:;\" data-fancybox data-src=\"#vis2\">02<\/a>\n\t\t\t\t<\/div><\/td><\/tr><tr class=\"calendar-row calendar\"><td id=\"2026-05-03\" class=\"domingo\">\n\t\t\t\t<div class=\"dayNumber\">\n\t\t\t\t\t<a href=\"javascript:;\" data-fancybox data-src=\"#vis3\">03<\/a>\n\t\t\t\t<\/div><\/td><td id=\"2026-05-04\" class=\"calendarDay\">\n\t\t\t\t<div class=\"dayNumber\">\n\t\t\t\t\t<a href=\"javascript:;\" data-fancybox data-src=\"#vis4\">04<\/a>\n\t\t\t\t<\/div><\/td><td id=\"2026-05-05\" class=\"calendarDay\">\n\t\t\t\t<div class=\"dayNumber\">\n\t\t\t\t\t<a href=\"javascript:;\" data-fancybox data-src=\"#vis5\">05<\/a>\n\t\t\t\t<\/div><\/td><td id=\"2026-05-06\" class=\"calendarDay\">\n\t\t\t\t<div class=\"dayNumber\">\n\t\t\t\t\t<a href=\"javascript:;\" data-fancybox data-src=\"#vis6\">06<\/a>\n\t\t\t\t<\/div><\/td><td id=\"2026-05-07\" class=\"calendarDay\">\n\t\t\t\t<div class=\"dayNumber\">\n\t\t\t\t\t<a href=\"javascript:;\" data-fancybox data-src=\"#vis7\">07<\/a>\n\t\t\t\t<\/div><\/td><td id=\"2026-05-08\" class=\"calendarDay\">\n\t\t\t\t<div class=\"dayNumber\">\n\t\t\t\t\t<a href=\"javascript:;\" data-fancybox data-src=\"#vis8\">08<\/a>\n\t\t\t\t<\/div><\/td><td id=\"2026-05-09\" class=\"calendarDay\" style=\"border-right:1px solid #DADFE0;\">\n\t\t\t\t<div class=\"dayNumber\">\n\t\t\t\t\t<a href=\"javascript:;\" data-fancybox data-src=\"#vis9\">09<\/a>\n\t\t\t\t<\/div><\/td><\/tr><tr class=\"calendar-row calendar\"><td id=\"2026-05-10\" class=\"domingo\">\n\t\t\t\t<div class=\"dayNumber\">\n\t\t\t\t\t<a href=\"javascript:;\" data-fancybox data-src=\"#vis10\">10<\/a>\n\t\t\t\t<\/div><\/td><td id=\"2026-05-11\" class=\"calendarDay\">\n\t\t\t\t<div class=\"dayNumber\">\n\t\t\t\t\t<a href=\"javascript:;\" data-fancybox data-src=\"#vis11\">11<\/a>\n\t\t\t\t<\/div><\/td><td id=\"2026-05-12\" class=\"calendarDay\">\n\t\t\t\t<div class=\"dayNumber\">\n\t\t\t\t\t<a href=\"javascript:;\" data-fancybox data-src=\"#vis12\">12<\/a>\n\t\t\t\t<\/div><\/td><td id=\"2026-05-13\" class=\"calendarDay\">\n\t\t\t\t<div class=\"dayNumber\">\n\t\t\t\t\t<a href=\"javascript:;\" data-fancybox data-src=\"#vis13\">13<\/a>\n\t\t\t\t<\/div><\/td><td id=\"2026-05-14\" class=\"calendarDay\">\n\t\t\t\t<div class=\"dayNumber\">\n\t\t\t\t\t<a href=\"javascript:;\" data-fancybox data-src=\"#vis14\">14<\/a>\n\t\t\t\t<\/div><\/td><td id=\"2026-05-15\" class=\"calendarDay\">\n\t\t\t\t<div class=\"dayNumber\">\n\t\t\t\t\t<a href=\"javascript:;\" data-fancybox data-src=\"#vis15\">15<\/a>\n\t\t\t\t<\/div><\/td><td id=\"2026-05-16\" class=\"calendarDay\" style=\"border-right:1px solid #DADFE0;\">\n\t\t\t\t<div class=\"dayNumber\">\n\t\t\t\t\t<a href=\"javascript:;\" data-fancybox data-src=\"#vis16\">16<\/a>\n\t\t\t\t<\/div><\/td><\/tr><tr class=\"calendar-row calendar\"><td id=\"2026-05-17\" class=\"domingo\">\n\t\t\t\t<div class=\"dayNumber\">\n\t\t\t\t\t<a href=\"javascript:;\" data-fancybox data-src=\"#vis17\">17<\/a>\n\t\t\t\t<\/div><\/td><td id=\"2026-05-18\" class=\"calendarDay\">\n\t\t\t\t<div class=\"dayNumber\">\n\t\t\t\t\t<a href=\"javascript:;\" data-fancybox data-src=\"#vis18\">18<\/a>\n\t\t\t\t<\/div><\/td><td id=\"2026-05-19\" class=\"calendarDay\">\n\t\t\t\t<div class=\"dayNumber\">\n\t\t\t\t\t<a href=\"javascript:;\" data-fancybox data-src=\"#vis19\">19<\/a>\n\t\t\t\t<\/div><\/td><td id=\"2026-05-20\" class=\"calendarDay\">\n\t\t\t\t<div class=\"dayNumber\">\n\t\t\t\t\t<a href=\"javascript:;\" data-fancybox data-src=\"#vis20\">20<\/a>\n\t\t\t\t<\/div><\/td><td id=\"2026-05-21\" class=\"calendarDay\">\n\t\t\t\t<div class=\"dayNumber\">\n\t\t\t\t\t<a href=\"javascript:;\" data-fancybox data-src=\"#vis21\">21<\/a>\n\t\t\t\t<\/div><\/td><td id=\"2026-05-22\" class=\"calendarDay\">\n\t\t\t\t<div class=\"dayNumber\">\n\t\t\t\t\t<a href=\"javascript:;\" data-fancybox data-src=\"#vis22\">22<\/a>\n\t\t\t\t<\/div><\/td><td id=\"2026-05-23\" class=\"calendarDay\" style=\"border-right:1px solid #DADFE0;\">\n\t\t\t\t<div class=\"dayNumber\">\n\t\t\t\t\t<a href=\"javascript:;\" data-fancybox data-src=\"#vis23\">23<\/a>\n\t\t\t\t<\/div><\/td><\/tr><tr class=\"calendar-row calendar\"><td id=\"2026-05-24\" class=\"domingo\">\n\t\t\t\t<div class=\"dayNumber\">\n\t\t\t\t\t<a href=\"javascript:;\" data-fancybox data-src=\"#vis24\">24<\/a>\n\t\t\t\t<\/div><\/td><td id=\"2026-05-25\" class=\"calendarDay\">\n\t\t\t\t<div class=\"dayNumber\">\n\t\t\t\t\t<a href=\"javascript:;\" data-fancybox data-src=\"#vis25\">25<\/a>\n\t\t\t\t<\/div><\/td><td id=\"2026-05-26\" class=\"calendarDay\">\n\t\t\t\t<div class=\"dayNumber\">\n\t\t\t\t\t<a href=\"javascript:;\" data-fancybox data-src=\"#vis26\">26<\/a>\n\t\t\t\t<\/div><\/td><td id=\"2026-05-27\" class=\"calendarDay\">\n\t\t\t\t<div class=\"dayNumber\">\n\t\t\t\t\t<a href=\"javascript:;\" data-fancybox data-src=\"#vis27\">27<\/a>\n\t\t\t\t<\/div><\/td><td id=\"2026-05-28\" class=\"calendarDay\">\n\t\t\t\t<div class=\"dayNumber\">\n\t\t\t\t\t<a href=\"javascript:;\" data-fancybox data-src=\"#vis28\">28<\/a>\n\t\t\t\t<\/div><\/td><td id=\"2026-05-29\" class=\"calendarDay\">\n\t\t\t\t<div class=\"dayNumber\">\n\t\t\t\t\t<a href=\"javascript:;\" data-fancybox data-src=\"#vis29\">29<\/a>\n\t\t\t\t<\/div><\/td><td id=\"2026-05-30\" class=\"calendarDay\" style=\"border-right:1px solid #DADFE0;\">\n\t\t\t\t<div class=\"dayNumber\">\n\t\t\t\t\t<a href=\"javascript:;\" data-fancybox data-src=\"#vis30\">30<\/a>\n\t\t\t\t<\/div><\/td><\/tr><tr class=\"calendar-row calendar\"><td id=\"2026-05-31\" class=\"domingo\">\n\t\t\t\t<div class=\"dayNumber\">\n\t\t\t\t\t<a href=\"javascript:;\" data-fancybox data-src=\"#vis31\">31<\/a>\n\t\t\t\t<\/div><\/td><td class=\"calendar-day-np\"><\/td><td class=\"calendar-day-np\"><\/td><td class=\"calendar-day-np\"><\/td><td class=\"calendar-day-np\"><\/td><td class=\"calendar-day-np\"><\/td><td class=\"calendar-day-np\"><\/td><\/tr><\/tbody><\/table> \n<\/form>\n<\/span>\n<!-- CJT Shortcode Block (5) - calendario-federal - END -->\n\n<\/div>\n\t\t\t\t<\/div>\n\t\t\t\t<\/div>\n\t\t\t\t<\/div>\n\t\t<div class=\"elementor-element elementor-element-1b05682 e-con-full e-flex e-con e-child\" data-id=\"1b05682\" data-element_type=\"container\" data-settings=\"{&quot;content_width&quot;:&quot;full&quot;,&quot;container_type&quot;:&quot;flex&quot;}\">\n\t\t\t\t<div class=\"elementor-element elementor-element-c20ca19 elementor-widget elementor-widget-heading\" data-id=\"c20ca19\" data-element_type=\"widget\" data-widget_type=\"heading.default\">\n\t\t\t\t<div class=\"elementor-widget-container\">\n\t\t\t<h2 class=\"elementor-heading-title elementor-size-default\">Not\u00edcias Empresariais<\/h2>\t\t<\/div>\n\t\t\t\t<\/div>\n\t\t\t\t<div class=\"elementor-element elementor-element-dcbc366 elementor-widget elementor-widget-shortcode\" data-id=\"dcbc366\" data-element_type=\"widget\" data-widget_type=\"shortcode.default\">\n\t\t\t\t<div class=\"elementor-widget-container\">\n\t\t\t\t\t<div class=\"elementor-shortcode\">\n\n<!-- CJT Shortcode Block (1) - noticias-empresariais - START -->\n<span id='csmi-f0946e59743f2975c6baf0db8905562a' class='csmi csmi-bid-1 csmi-noticias-empresariais'><link rel=\"stylesheet\" href=\"https:\/\/cdnjs.cloudflare.com\/ajax\/libs\/fancybox\/3.0.47\/jquery.fancybox.min.css\" \/>\n<script src=\"https:\/\/cdnjs.cloudflare.com\/ajax\/libs\/fancybox\/3.0.47\/jquery.fancybox.min.js\"><\/script>\n<div>30\/04\/2026 - <a data-fancybox data-src=\"#news12160\" href=\"javascript:;\" class=\"tool\" title=\"Ju\u00edza do RS barra eutan\u00e1sia de c\u00e3es e gatos por conveni\u00eancia do dono\">Ju\u00edza do RS barra eutan\u00e1sia de c\u00e3es e...<\/a><\/div> \n\t\t\t<div id=\"news12160\" style=\"display:none; position:relative; width:80%!important;  border-radius:5px; max-height:450px; overflow:auto; color:z-index:100000;\">\n\t\t\t\t<h2>Ju\u00edza do RS barra eutan\u00e1sia de c\u00e3es e gatos por conveni\u00eancia do dono<\/h2><br \/><br \/>\n\t\t\t\t<p>A vida animal constitui um bem jur\u00eddico aut\u00f4nomo e recebe tutela especial do Estado, n\u00e3o podendo ser tratada como um mero objeto \u00e0 disposi\u00e7\u00e3o de interesses particulares. Logo, o ordenamento jur\u00eddico pro\u00edbe a eutan\u00e1sia de animais saud\u00e1veis por motivo de conveni\u00eancia.<div><br><\/div><div>Com base neste entendimento, a ju\u00edza Patr\u00edcia Antunes Laydner, da Vara Regional do Meio Ambiente do Tribunal de Justi\u00e7a do Rio Grande do Sul, concedeu tutela de urg\u00eancia e proibiu a eutan\u00e1sia de c\u00e3es e gatos em Campo Bom (RS).<\/div><div><br><\/div><div>Reprodu\u00e7\u00e3o \/ TJ-RS<\/div><div>C\u00e3es e gatos que seriam submetidos a eutan\u00e1sia em Campo Bom (RS) foram resgatados<\/div><div><br><\/div><div>A situa\u00e7\u00e3o teve origem a partir de uma den\u00fancia recebida por uma ONG de prote\u00e7\u00e3o animal. O relato apontava que um morador procurou uma cl\u00ednica veterin\u00e1ria com a inten\u00e7\u00e3o de submeter cerca de 20 gatos saud\u00e1veis \u00e0 eutan\u00e1sia.<\/div><div><br><\/div><div>A justificativa seria a necessidade de desocupar o im\u00f3vel onde os animais ficavam para viabilizar a sua venda, j\u00e1 que a m\u00e3e dele, propriet\u00e1ria da casa, havia sido internada em um lar geri\u00e1trico.<\/div><div><br><\/div><div><br><\/div><div>Justi\u00e7a Eleitoral sempre estar\u00e1 atr\u00e1s da tecnologia, diz Floriano de Azevedo<\/div><div><br><\/div><div>Diante do relato, o Minist\u00e9rio P\u00fablico instaurou um procedimento investigat\u00f3rio e enviou um t\u00e9cnico \u00e0 resid\u00eancia. O filho da propriet\u00e1ria confirmou a presen\u00e7a de c\u00e3es e gatos, mas impediu o ingresso do servidor no local para verificar o estado de bem-estar dos bichos.<\/div><div><br><\/div><div>Em raz\u00e3o da recusa e do risco iminente, o MP-RS ajuizou uma A\u00e7\u00e3o Civil P\u00fablica pedindo a concess\u00e3o de liminar para proibir o exterm\u00ednio, determinar o resgate dos animais, nomear a entidade protetora como fiel deposit\u00e1ria e obrigar o munic\u00edpio a fazer uma avalia\u00e7\u00e3o veterin\u00e1ria no local.<\/div><div><br><\/div><div>powered by divee.ai<\/div><div>AI<\/div><div><br><\/div><div>Pergunte<\/div><div>\u27a4<\/div><div>Tutela especial<\/div><div><br><\/div><div>Ao analisar o pedido, a magistrada deu parcial raz\u00e3o ao Minist\u00e9rio P\u00fablico e deferiu as medidas urgentes. A ju\u00edza apontou que o dever de prote\u00e7\u00e3o \u00e0 fauna \u00e9 um mandamento estipulado no artigo 225, par\u00e1grafo 1\u00ba, inciso VII, da Constitui\u00e7\u00e3o, que veda categoricamente as pr\u00e1ticas cru\u00e9is contra os animais.<\/div><div><br><\/div><div>\u201cA vida animal, como bem jur\u00eddico aut\u00f4nomo, recebe tutela especial do Estado, n\u00e3o podendo ser tratada como um mero objeto \u00e0 disposi\u00e7\u00e3o de interesses particulares\u201d, avaliou a ju\u00edza.<\/div><div><br><\/div><div>A julgadora explicou que a Lei 14.228\/2021, que disp\u00f5e sobre a elimina\u00e7\u00e3o de c\u00e3es e gatos por \u00f3rg\u00e3os autorizados, s\u00f3 permite o sacrif\u00edcio em casos de doen\u00e7as graves e incur\u00e1veis que representem perigo \u00e0 sa\u00fade p\u00fablica ou aos demais animais.<\/div><div><br><\/div><div>A magistrada afirmou ainda que a conduta atribu\u00edda ao r\u00e9u, se confirmada, pode configurar tamb\u00e9m o crime de maus-tratos, previsto no artigo 32 da Lei 9.605\/1998. A liminar, segundo a ju\u00edza, era necess\u00e1ria devido ao perigo iminente para os animais.<\/div><div><br><\/div><div>\u201cA recusa do r\u00e9u em permitir a fiscaliza\u00e7\u00e3o no im\u00f3vel agrava a situa\u00e7\u00e3o de risco, pois impede a verifica\u00e7\u00e3o de suas reais condi\u00e7\u00f5es de sa\u00fade e bem-estar, tornando a interven\u00e7\u00e3o judicial indispens\u00e1vel e urgente\u201d, concluiu a julgadora.<\/div><div><br><\/div><div>Com a liminar, a Justi\u00e7a proibiu qualquer ato contra a integridade dos c\u00e3es e gatos, sob pena de multa de R$ 1 mil por animal, e ordenou a busca e apreens\u00e3o imediata, cabendo ao munic\u00edpio disponibilizar o suporte de um m\u00e9dico veterin\u00e1rio.<\/div><div><br><\/div><div>Durante o cumprimento do mandado, dois dias ap\u00f3s a liminar, uma oficial de Justi\u00e7a constatou o abandono do im\u00f3vel, encontrou um gato morto no p\u00e1tio e precisou pedir autoriza\u00e7\u00e3o de arrombamento ao plant\u00e3o judicial. Ap\u00f3s o ingresso for\u00e7ado, a equipe resgatou dois gatos e cinco cachorros abandonados em ambiente sujo, sem \u00e1gua e sem comida, e os entregou aos cuidados da entidade protetora. Com informa\u00e7\u00f5es da assessoria de imprensa do TJ-RS._  <\/div>  <\/p><br \/>\n\t\t\t\t<p><strong>Publicada em : <\/strong><em>30\/04\/2026<\/em>\n\t\t\t\t<\/p><br \/><p><strong>Fonte : <\/strong><em>Consultor Juridico<\/em><\/p>\n\t\t\t<\/div><div>30\/04\/2026 - <a data-fancybox data-src=\"#news12161\" href=\"javascript:;\" class=\"tool\" title=\"TRT-15 reconhece doen\u00e7a psiqui\u00e1trica de almoxarife e anula demiss\u00e3o\">TRT-15 reconhece doen\u00e7a psiqui\u00e1trica d...<\/a><\/div> \n\t\t\t<div id=\"news12161\" style=\"display:none; position:relative; width:80%!important;  border-radius:5px; max-height:450px; overflow:auto; color:z-index:100000;\">\n\t\t\t\t<h2>TRT-15 reconhece doen\u00e7a psiqui\u00e1trica de almoxarife e anula demiss\u00e3o<\/h2><br \/><br \/>\n\t\t\t\t<p>A garantia de um meio ambiente de trabalho seguro \u00e9 dever do empregador. O adoecimento psiqui\u00e1trico agravado pelas condi\u00e7\u00f5es laborais (concausa) invalida o pedido de demiss\u00e3o assinado por trabalhador vulner\u00e1vel, justificando a convers\u00e3o para rescis\u00e3o indireta e o pagamento de indeniza\u00e7\u00e3o.<div><br><\/div><div>Com base neste entendimento, a 11\u00aa C\u00e2mara do Tribunal Regional do Trabalho da 15\u00aa Regi\u00e3o negou o pedido principal de um recurso e manteve a condena\u00e7\u00e3o de uma empresa de log\u00edstica ao pagamento de indeniza\u00e7\u00e3o por danos morais e verbas rescis\u00f3rias a uma ex-empregada.<\/div><div><br><\/div><div>FreepikFraude envolvia falsifica\u00e7\u00e3o de notas fiscais e falsa entrega de mercadorias<\/div><div>TRT-15 reconheceu que adoecimento foi agravado pelas condi\u00e7\u00f5es laborais<\/div><div><br><\/div><div>A autora da a\u00e7\u00e3o foi contratada como vendedora por uma empresa e, posteriormente, promovida a almoxarife. Durante o contrato, ela desenvolveu transtorno misto ansioso-depressivo.<\/div><div><br><\/div><div>Nos autos, a reclamante afirmou que o quadro de sa\u00fade foi provocado pelo ambiente laboral, marcado por press\u00f5es psicol\u00f3gicas, cobran\u00e7as exorbitantes e exig\u00eancia de trabalho fora do expediente. Diante do adoecimento, ela entregou uma carta de demiss\u00e3o na qual deixou registrado que a sua sa\u00edda ocorria \u201cpor motivos de sa\u00fade mental\u201d.<\/div><div><br><\/div><div><br><\/div><div>Justi\u00e7a Eleitoral sempre estar\u00e1 atr\u00e1s da tecnologia, diz Floriano de Azevedo<\/div><div><br><\/div><div>Posteriormente, a trabalhadora ingressou na Justi\u00e7a pedindo a nulidade do pedido de demiss\u00e3o, a sua convers\u00e3o em rescis\u00e3o indireta (quando o empregador comete falta grave) e uma indeniza\u00e7\u00e3o por danos morais, argumentando que a s\u00edndrome configurava doen\u00e7a ocupacional por equipara\u00e7\u00e3o.<\/div><div><br><\/div><div>O ju\u00edzo de primeira inst\u00e2ncia julgou os pedidos procedentes, atestando o nexo concausal (quando o trabalho n\u00e3o \u00e9 a \u00fanica causa, mas contribui para a doen\u00e7a) e fixando a repara\u00e7\u00e3o em R$ 10 mil.<\/div><div><br><\/div><div>powered by divee.ai<\/div><div>AI<\/div><div><br><\/div><div>Pergunte-me qualquer coisa sobre este con<\/div><div>\u27a4<\/div><div>A empresa recorreu ao TRT-15, alegando que a patologia tinha origem multifatorial e n\u00e3o guardava rela\u00e7\u00e3o exclusiva com a rotina da companhia. Al\u00e9m disso, a reclamada pediu a limita\u00e7\u00e3o da condena\u00e7\u00e3o aos valores exatos indicados pela autora na peti\u00e7\u00e3o inicial.<\/div><div><br><\/div><div>\u00d4nus da prova<\/div><div><br><\/div><div>O relator do caso, desembargador Luiz Felipe Paim da Luz Bruno Lobo, deu raz\u00e3o \u00e0 trabalhadora quanto ao m\u00e9rito principal. O magistrado explicou que a per\u00edcia m\u00e9dica constatou que a rotina atuou como fator contributivo de grau moderado para o quadro ansioso-depressivo. Para ele, a condi\u00e7\u00e3o caracteriza a concausa prevista no artigo 21, inciso I, da Lei 8.213\/1991, que disp\u00f5e sobre acidentes de trabalho para fins de benef\u00edcios previdenci\u00e1rios.<\/div><div><br><\/div><div>O julgador apontou que competia \u00e0 companhia demonstrar a ado\u00e7\u00e3o de medidas eficazes para preservar a integridade f\u00edsica e mental de seus empregados, \u00f4nus do qual n\u00e3o se desvencilhou no processo.<\/div><div><br><\/div><div>\u201cAssim, deveria a reclamada comprovar a ado\u00e7\u00e3o de medidas individuais ou coletivas para preven\u00e7\u00e3o da doen\u00e7a diagnosticada, o que N\u00c3O ocorreu, preferindo se esconder atr\u00e1s do entendimento que a doen\u00e7a tem origem multifatorial e de ordem degenerativa\u201d, avaliou o relator.<\/div><div><br><\/div><div>Sobre a ruptura do v\u00ednculo, a decis\u00e3o colegiada atestou que a pr\u00f3pria carta de demiss\u00e3o evidenciava a vulnerabilidade da empregada, indicando v\u00edcio de consentimento no ato da dispensa. Esse cen\u00e1rio atrai a culpa do empregador pela quebra das obriga\u00e7\u00f5es contratuais, justificando a rescis\u00e3o indireta ditada pelo artigo 483, al\u00ednea \u201cd\u201d, da Consolida\u00e7\u00e3o das Leis do Trabalho.<\/div><div><br><\/div><div>\u201cOra, a prova demonstrou que houve v\u00edcio de vontade no pedido de demiss\u00e3o formulado pela reclamante, decorrente do seu quadro de sa\u00fade naquele momento\u201d, concluiu.<\/div><div><br><\/div><div>A corte tamb\u00e9m rejeitou a pretens\u00e3o da empresa de limitar a condena\u00e7\u00e3o financeira aos valores estipulados na inicial, aplicando a tese de que a indica\u00e7\u00e3o exigida pela nova legisla\u00e7\u00e3o trabalhista serve apenas como estimativa para defini\u00e7\u00e3o de rito, sem vincular a futura execu\u00e7\u00e3o.<\/div><div><br><\/div><div>O recurso patronal foi provido apenas para garantir o pagamento de honor\u00e1rios de sucumb\u00eancia aos seus advogados sobre a parte dos pedidos que foi rejeitada, mas a cobran\u00e7a ficar\u00e1 suspensa porque a trabalhadora \u00e9 benefici\u00e1ria da justi\u00e7a gratuita. Com informa\u00e7\u00f5es da assessoria de imprensa do TRT-15._  <\/div>  <\/p><br \/>\n\t\t\t\t<p><strong>Publicada em : <\/strong><em>30\/04\/2026<\/em>\n\t\t\t\t<\/p><br \/><p><strong>Fonte : <\/strong><em>Consultor Juridico<\/em><\/p>\n\t\t\t<\/div><div>29\/04\/2026 - <a data-fancybox data-src=\"#news12162\" href=\"javascript:;\" class=\"tool\" title=\"Insufici\u00eancia probat\u00f3ria leva seguradoras a derrotas contra concession\u00e1rias de energia\">Insufici\u00eancia probat\u00f3ria leva segurado...<\/a><\/div> \n\t\t\t<div id=\"news12162\" style=\"display:none; position:relative; width:80%!important;  border-radius:5px; max-height:450px; overflow:auto; color:z-index:100000;\">\n\t\t\t\t<h2>Insufici\u00eancia probat\u00f3ria leva seguradoras a derrotas contra concession\u00e1rias de energia<\/h2><br \/><br \/>\n\t\t\t\t<p>As frequentes quedas de energia el\u00e9trica no estado de S\u00e3o Paulo n\u00e3o t\u00eam causado preju\u00edzos apenas aos consumidores. Empresas de seguros que atuam no setor t\u00eam perdido a maioria das a\u00e7\u00f5es regressivas movidas contra concession\u00e1rias, conforme levantamento feito pela revista eletr\u00f4nica Consultor Jur\u00eddico. Essas companhias ressarcem os clientes por danos decorrentes das falhas no fornecimento, como queima de aparelhos eletroeletr\u00f4nicos e problemas em elevadores, e posteriormente aju\u00edzam processos para serem ressarcidas pelas fornecedoras de energia.<div><br><\/div><div>L\u00e2mpada acesa em fundo escuro<\/div><div>Seguradoras t\u00eam tido baixa taxa de \u00eaxito em a\u00e7\u00f5es regressivas contra concession\u00e1rias de energia<\/div><div><br><\/div><div>As 68 decis\u00f5es analisadas pela ConJur, todas do Tribunal de Justi\u00e7a de S\u00e3o Paulo, envolvem seguro patrimonial e foram tomadas de janeiro a mar\u00e7o deste ano. Na maioria dos casos (63%), as seguradoras n\u00e3o conseguiram reaver nenhum valor com as concession\u00e1rias. Em apenas 16% dos casos, houve vit\u00f3ria total das companhias, e em 20%, vit\u00f3ria parcial. Entre os casos analisados, os pedidos de indeniza\u00e7\u00e3o n\u00e3o passaram de R$ 50 mil.<\/div><div><br><\/div><div>Para Laura Pelegrini, s\u00f3cia da \u00e1rea de Seguros, Resseguros, Previd\u00eancia Privada e Sa\u00fade Suplementar do escrit\u00f3rio Demarest, a tend\u00eancia de baixa taxa de \u00eaxito das seguradoras observada no TJ-SP tem sido predominante em todo o pa\u00eds por causa de um maior rigor probat\u00f3rio. Segundo a especialista, a amostra reflete um cen\u00e1rio que vem se desenhando nos \u00faltimos anos, no qual grande parte das a\u00e7\u00f5es regressivas tem sido julgada improcedente, sobretudo pela dificuldade das seguradoras de comprovar o nexo causal entre a oscila\u00e7\u00e3o de energia e o dano ao equipamento.<\/div><div><br><\/div><div>\u201cO entendimento predominante \u00e9 de que, na aus\u00eancia de prova t\u00e9cnica robusta de nexo causal, n\u00e3o \u00e9 poss\u00edvel responsabilizar a concession\u00e1ria pela falha na presta\u00e7\u00e3o do servi\u00e7o. A quest\u00e3o, portanto, \u00e9 de prova sobre a responsabilidade a ser imputada \u00e0 concession\u00e1ria pelo dano indenizado. Mesmo aplicando-se o regime de responsabilidade civil objetiva \u00e0 concession\u00e1ria de energia, a demonstra\u00e7\u00e3o do nexo causal permanece indispens\u00e1vel\u201d, afirma.<\/div><div><br><\/div><div><br><\/div><div><br><\/div><div>powered by divee.ai<\/div><div>AI<\/div><div><br><\/div><div>O que voc\u00ea gostaria de saber?<\/div><div>\u27a4<\/div><div><br><\/div><div>Eventos clim\u00e1ticos<\/div><div>Pelegrini afirma que o mercado de seguros patrimoniais faz uma correla\u00e7\u00e3o crescente entre eventos clim\u00e1ticos extremos, como as enchentes no Rio Grande do Sul em 2024, a instabilidade no fornecimento de energia e o aumento da sinistralidade por danos el\u00e9tricos. \u201cN\u00e3o temos not\u00edcias de impactos espec\u00edficos em termos de aumento de custo (dos seguros), mas as restri\u00e7\u00f5es judiciais ao direito de ressarcimento podem levar a rec\u00e1lculos da precifica\u00e7\u00e3o do seguro ou ajustes contratuais, inclusive com rela\u00e7\u00e3o \u00e0 franquia\u201d, analisa.<\/div><div><br><\/div><div>O entendimento dos especialistas ouvidos pela ConJur \u00e9 o de que o Tema 1.282, julgado em fevereiro de 2025 pelo Superior Tribunal de Justi\u00e7a, n\u00e3o influenciou os recentes julgamentos de a\u00e7\u00f5es regressivas no TJ-SP. Na ocasi\u00e3o, o STJ fixou a tese de que \u201co pagamento de indeniza\u00e7\u00e3o por sinistro n\u00e3o gera para a seguradora a sub-roga\u00e7\u00e3o de prerrogativas processuais dos consumidores, em especial quanto \u00e0 compet\u00eancia na a\u00e7\u00e3o regressiva\u201d. A corte acolheu em sede de repetitivos os recursos das concession\u00e1rias Rio Grande Energia e Copel e decidiu que as seguradoras deveriam assumir apenas a possibilidade de cobrar do autor do dano o preju\u00edzo financeiro, e n\u00e3o as prerrogativas processuais que a lei confere ao consumidor.<\/div><div><br><\/div><div><br><\/div><div>De acordo com os ac\u00f3rd\u00e3os analisados, o entendimento das C\u00e2maras de Direito Privado do TJ-SP ao negar os pedidos de ressarcimento \u00e9 o de que o laudo unilateral da seguradora, sem preservar os bens para per\u00edcia, n\u00e3o gera o dever de indenizar. O advogado Marcos Felipe de Assis Ribeiro, que atua na defesa de seguradoras, afirma que, mesmo antes do julgamento do repetitivo do STJ, o TJ-SP j\u00e1 entendia como insuficientes os laudos produzidos pelas seguradoras para comprovar a exist\u00eancia do dano. Ele ressalta que o tribunal tamb\u00e9m costuma questionar a aus\u00eancia de abertura pr\u00e9via de procedimento administrativo, conforme estabelecido pela Ag\u00eancia Nacional de Energia El\u00e9trica (Aneel). \u201cO entendimento do tribunal, em muitas vezes, \u00e9 de que a falta dessa reclama\u00e7\u00e3o administrativa impede uma an\u00e1lise pr\u00e9via da distribuidora sobre o caso, o que automaticamente invalidaria a comprova\u00e7\u00e3o do nexo de causalidade no processo judicial.\u201d<\/div><div><br><\/div><div>O presidente da Comiss\u00e3o de Assuntos Jur\u00eddicos da FenSeg (Federa\u00e7\u00e3o Nacional de Seguros Gerais), Eduardo D\u2019Amato, ressalta que o Tema 1.282 n\u00e3o altera as bases constitucionais que regem a responsabilidade das concession\u00e1rias de energia, que, segundo ele, \u201cpermanecem plenamente v\u00e1lidas\u201d em a\u00e7\u00f5es regressivas. \u201cNa pr\u00e1tica, isso significa que as concession\u00e1rias continuam respons\u00e1veis por demonstrar eventuais excludentes de responsabilidade, especialmente porque det\u00eam o acesso aos registros e \u00e0s informa\u00e7\u00f5es t\u00e9cnicas do sistema el\u00e9trico. Esse entendimento tamb\u00e9m encontra respaldo no C\u00f3digo de Processo Civil e na regula\u00e7\u00e3o setorial, como a Resolu\u00e7\u00e3o ANEEL n\u00ba 1.000\/2021 e o Prodist.\u201d<\/div><div><br><\/div><div>D\u2019Amato ressalta que, embora a produ\u00e7\u00e3o de prova t\u00e9cnica seja um desafio inerente em a\u00e7\u00f5es regressivas, isso n\u00e3o afasta a responsabilidade das concession\u00e1rias, que permanece regida pelo regime constitucional de responsabilidade objetiva. \u201cNesse contexto, \u00e9 importante que as decis\u00f5es considerem o conjunto das evid\u00eancias, a natureza do servi\u00e7o prestado e as especificidades t\u00e9cnicas envolvidas, contribuindo para um ambiente de maior equil\u00edbrio e previsibilidade\u201d, defende.<\/div><div><br><\/div><div><br><\/div><div>Pelegrini, do Demarest, destaca que, apesar de n\u00e3o constar expressamente no Tema 1.282, o entendimento prevalente do STJ \u00e9 de que nesses casos o benef\u00edcio da invers\u00e3o do \u00f4nus da prova \u00e9 inaplic\u00e1vel. Ela ressalta, contudo, que o instituto da sub-roga\u00e7\u00e3o prev\u00ea, expressamente no artigo 379 do C\u00f3digo Civil, a transfer\u00eancia n\u00e3o s\u00f3 do direito material, mas tamb\u00e9m das a\u00e7\u00f5es e privil\u00e9gios do credor original.<\/div><div><br><\/div><div>Outros entendimentos<\/div><div>H\u00e1 entendimentos divergentes em rela\u00e7\u00e3o ao ressarcimento das seguradoras em tribunais das regi\u00f5es Sul e Norte do pa\u00eds. O Tribunal de Justi\u00e7a do Paran\u00e1, por exemplo, entende que os documentos apresentados pela concession\u00e1ria para demonstrar que houve interrup\u00e7\u00e3o na presta\u00e7\u00e3o do servi\u00e7o s\u00e3o provas suficientes do nexo de causalidade. Tanto Ribeiro quanto D\u2019Amato, da FenSeg, destacam que esses relat\u00f3rios s\u00e3o s\u00e9rios e previstos em resolu\u00e7\u00e3o da Aneel. Segundo a ag\u00eancia, a concession\u00e1ria deve manter obrigatoriamente uma s\u00e9rie de relat\u00f3rios sobre a continuidade da presta\u00e7\u00e3o do servi\u00e7o.<\/div><div><br><\/div><div>No Tribunal de Justi\u00e7a do Rio Grande do Sul, a falta de um pedido administrativo pr\u00e9vio, ou seja, de um requerimento de ressarcimento feito diretamente para a concession\u00e1ria, tem afastado a comprova\u00e7\u00e3o do nexo causal. \u201c(O entendimento do tribunal \u00e9 de que) Atrav\u00e9s desse pedido administrativo, voc\u00ea oportuniza a concession\u00e1ria a avaliar os itens que foram danificados\u201d, explica Ribeiro.<\/div><div><br><\/div><div>Pelegrini diz que o Tribunal de Justi\u00e7a do Par\u00e1 se destaca como um ponto fora da curva em a\u00e7\u00f5es regressivas, mantendo entendimento mais favor\u00e1vel \u00e0s seguradoras ao admitir a sufici\u00eancia de laudos unilaterais quando a concession\u00e1ria n\u00e3o apresenta contraprova t\u00e9cnica.<\/div><div><br><\/div><div>Discuss\u00e3o regulat\u00f3ria<\/div><div>Os impactos das mudan\u00e7as clim\u00e1ticas sobre o setor segurador tamb\u00e9m t\u00eam sido avaliados na esfera federal. A Superintend\u00eancia de Seguros Privados (Susep) criou um grupo de trabalho voltado ao aperfei\u00e7oamento regulat\u00f3rio e legal relacionado aos chamados \u201cseguros cat\u00e1strofe\u201d.<\/div><div><br><\/div><div><br><\/div><div>Laura Pelegrini afirma que o aumento desses eventos tem impactado o mercado de maneira concreta e operacional. Segundo a advogada, o que se observa, sobretudo em seguros patrimoniais, \u00e9 um crescimento consistente da frequ\u00eancia de sinistros ligados a enchentes, chuvas intensas, vendavais e interrup\u00e7\u00f5es de servi\u00e7os essenciais, o que pressiona a sinistralidade e, em alguns casos, gera litigiosidade, especialmente nos sinistros massificados.<\/div><div><br><\/div><div>O movimento, explica, tem impulsionado discuss\u00f5es regulat\u00f3rias e de mercado sobre novas estruturas de transfer\u00eancia de risco, maior uso do resseguro, solu\u00e7\u00f5es com seguros param\u00e9tricos e busca de modelos de compartilhamento de riscos entre os setores p\u00fablico e privado. \u201cMais do que uma resposta contratual imediata, o movimento indica uma mudan\u00e7a de postura do setor, que passa a atuar n\u00e3o apenas na indeniza\u00e7\u00e3o p\u00f3s\u2011evento, mas tamb\u00e9m como agente indutor de preven\u00e7\u00e3o, gest\u00e3o de riscos e adapta\u00e7\u00e3o \u00e0s mudan\u00e7as clim\u00e1ticas.\u201d_  <\/div>  <\/p><br \/>\n\t\t\t\t<p><strong>Publicada em : <\/strong><em>29\/04\/2026<\/em>\n\t\t\t\t<\/p><br \/><p><strong>Fonte : <\/strong><em>Consultor Juridico<\/em><\/p>\n\t\t\t<\/div><div>28\/04\/2026 - <a data-fancybox data-src=\"#news12155\" href=\"javascript:;\" class=\"tool\" title=\"Mulher demitida por questionar descontos em plano de sa\u00fade ser\u00e1 reintegrada\">Mulher demitida por questionar descontos...<\/a><\/div> \n\t\t\t<div id=\"news12155\" style=\"display:none; position:relative; width:80%!important;  border-radius:5px; max-height:450px; overflow:auto; color:z-index:100000;\">\n\t\t\t\t<h2>Mulher demitida por questionar descontos em plano de sa\u00fade ser\u00e1 reintegrada<\/h2><br \/><br \/>\n\t\t\t\t<p>A demiss\u00e3o de empregada em retalia\u00e7\u00e3o a questionamentos sobre a cobran\u00e7a de plano de sa\u00fade configura dispensa discriminat\u00f3ria e abuso do poder diretivo, gerando o dever de reintegra\u00e7\u00e3o e repara\u00e7\u00e3o moral.<div><br><\/div><div>Esse foi o entendimento do juiz Tiago Macedo Coelho Luz Rocha, da 2\u00aa Vara do Trabalho de Praia Grande (SP), para determinar a imediata reintegra\u00e7\u00e3o de uma operadora de caixa de supermercado e o pagamento de R$ 50 mil por danos morais \u00e0 trabalhadora. Cabe recurso.<\/div><div><br><\/div><div>Freepikm\u00e9dica mostrando bloquinhos com s\u00edmbolos de sa\u00fade<\/div><div>Trabalhadora questionou descontos em plano e foi desligada poucos dias depois<\/div><div><br><\/div><div>A autora da a\u00e7\u00e3o, que tem um filho diagnosticado com Transtorno do Espectro Autista (TEA), foi desligada sem justa causa poucos dias ap\u00f3s formalizar questionamentos no departamento de recursos humanos do estabelecimento.<\/div><div><br><\/div><div>A empregada, que era constantemente premiada por seu desempenho em vendas, buscou esclarecimentos sobre o desconto de valores muito elevados a t\u00edtulo de coparticipa\u00e7\u00e3o no conv\u00eanio m\u00e9dico da crian\u00e7a. Ap\u00f3s a rescis\u00e3o, a companhia efetuou um desconto consider\u00e1vel nas verbas rescis\u00f3rias para quitar a suposta d\u00edvida gerada pela coparticipa\u00e7\u00e3o.<\/div><div><br><\/div><div><br><\/div><div>Negocia\u00e7\u00e3o trabalhista deve preceder tutela estatal, diz ministro do TST<\/div><div><br><\/div><div>Diante do ocorrido, a trabalhadora ajuizou a\u00e7\u00e3o pedindo a nulidade do ato demissional. Ela argumentou que a rescis\u00e3o teve car\u00e1ter retaliat\u00f3rio e discriminat\u00f3rio, ofendendo a sua dignidade.<\/div><div><br><\/div><div>A autora requereu a reintegra\u00e7\u00e3o ao emprego, o restabelecimento do conv\u00eanio nas condi\u00e7\u00f5es anteriores e o pagamento de indeniza\u00e7\u00e3o por abalo psicol\u00f3gico, al\u00e9m de adicional por ac\u00famulo de fun\u00e7\u00f5es, considerando que operava o caixa e coordenava vendas virtuais diariamente.<\/div><div><br><\/div><div>powered by divee.ai<\/div><div>AI<\/div><div><br><\/div><div>Posso a<\/div><div>\u27a4<\/div><div>O supermercado contestou, negando qualquer discrimina\u00e7\u00e3o no ato. A empresa alegou que a demiss\u00e3o decorreu de uma reestrutura\u00e7\u00e3o de pessoal, figurando como exerc\u00edcio regular do seu poder diretivo, e que as tarefas executadas eram compat\u00edveis com o contrato de trabalho.<\/div><div><br><\/div><div>Poder diretivo extrapolado<\/div><div><br><\/div><div>Ao analisar o caso, o juiz apontou que os depoimentos colhidos em audi\u00eancia demonstraram que a alegada reestrutura\u00e7\u00e3o n\u00e3o ocorreu, j\u00e1 que o n\u00famero de operadores de caixa foi mantido, evidenciando a substitui\u00e7\u00e3o da autora por outra pessoa. O julgador constatou que a dispensa foi uma retalia\u00e7\u00e3o imotivada e abusiva, o que configura discrimina\u00e7\u00e3o nos termos do artigo 4\u00ba da Lei 9.029\/1995.<\/div><div><br><\/div><div>\u201cA conduta patronal ultrapassou os limites do poder diretivo. A dispensa, ocorrida poucos dias ap\u00f3s a formaliza\u00e7\u00e3o de seus questionamentos, e a subsequente cobran\u00e7a de uma d\u00edvida de plano de sa\u00fade em valores exorbitantes no TRCT, revelam uma total desconsidera\u00e7\u00e3o pela condi\u00e7\u00e3o humana e familiar da reclamante\u201d, avaliou o magistrado.<\/div><div><br><\/div><div>O magistrado destacou que a empregadora ofendeu a fun\u00e7\u00e3o social do contrato ao colocar em risco a continuidade do tratamento de um dependente vulner\u00e1vel, optando pela via punitiva em vez de ingressar na Justi\u00e7a Comum para debater a cobran\u00e7a da coparticipa\u00e7\u00e3o.<\/div><div><br><\/div><div><br><\/div><div>\u201cTal ato n\u00e3o s\u00f3 gerou inseguran\u00e7a econ\u00f4mica e profissional, mas tamb\u00e9m um intenso sofrimento psicol\u00f3gico e ang\u00fastia, ao se deparar com a poss\u00edvel interrup\u00e7\u00e3o ou dificuldade de acesso ao tratamento essencial de seu filho\u201d, ressaltou.<\/div><div><br><\/div><div>Al\u00e9m de determinar a reintegra\u00e7\u00e3o imediata, o pagamento de todos os sal\u00e1rios do per\u00edodo de afastamento e a indeniza\u00e7\u00e3o por danos morais, o magistrado ordenou que os descontos do plano de sa\u00fade na folha da autora n\u00e3o ultrapassem o limite de R$ 150 mensais. A empresa tamb\u00e9m foi condenada a pagar o adicional de 10% por ac\u00famulo de fun\u00e7\u00e3o, visto que ficou provado o exerc\u00edcio de atividades de vendas online durante a jornada. Com informa\u00e7\u00f5es da assessoria de imprensa do TRT-2._  <\/div>  <\/p><br \/>\n\t\t\t\t<p><strong>Publicada em : <\/strong><em>28\/04\/2026<\/em>\n\t\t\t\t<\/p><br \/><p><strong>Fonte : <\/strong><em>Consultor Juridico<\/em><\/p>\n\t\t\t<\/div><div>28\/04\/2026 - <a data-fancybox data-src=\"#news12156\" href=\"javascript:;\" class=\"tool\" title=\"STJ julga complementos a condena\u00e7\u00f5es contra a Fazenda no cumprimento de senten\u00e7a\">STJ julga complementos a condena\u00e7\u00f5es c...<\/a><\/div> \n\t\t\t<div id=\"news12156\" style=\"display:none; position:relative; width:80%!important;  border-radius:5px; max-height:450px; overflow:auto; color:z-index:100000;\">\n\t\t\t\t<h2>STJ julga complementos a condena\u00e7\u00f5es contra a Fazenda no cumprimento de senten\u00e7a<\/h2><br \/><br \/>\n\t\t\t\t<p>A 1\u00aa Se\u00e7\u00e3o do Superior Tribunal de Justi\u00e7a vai decidir se \u00e9 poss\u00edvel complementar os valores de condena\u00e7\u00f5es contra a Fazenda P\u00fablica relativos \u00e0 corre\u00e7\u00e3o monet\u00e1ria quando o processo j\u00e1 estiver na fase de cumprimento de senten\u00e7a.<div><br><\/div><div>Sergio Amaral\/STJSuperior Tribunal de Justi\u00e7a STJ pr\u00e9dio edif\u00edcio<\/div><div>STJ vai julgar possibilidade de complementar condena\u00e7\u00f5es contra a Fazenda<\/div><div><br><\/div><div>O colegiado afetou dois processos sobre o assunto ao rito dos repetitivos, sob relatoria do ministro Gurgel de Faria. H\u00e1 a determina\u00e7\u00e3o de suspens\u00e3o dos recursos especiais ou agravos em recurso especial em segunda inst\u00e2ncia e que j\u00e1 estejam no STJ fundados na mesma quest\u00e3o de direito.<\/div><div><br><\/div><div>O tema \u00e9 um desdobramento de tr\u00eas teses firmadas pelo Supremo Tribunal Federal sob repercuss\u00e3o geral, a partir da decis\u00e3o que afastou o uso da Taxa Referencial como \u00edndice de corre\u00e7\u00e3o monet\u00e1ria dos d\u00e9bitos judiciais da Fazenda P\u00fablica.<\/div><div><br><\/div><div><br><\/div><div>A decis\u00e3o foi tomada no Tema 810, em 2017. A partir dali, as condena\u00e7\u00f5es passaram a ser corrigidas pelo IPCA-E, que mede a infla\u00e7\u00e3o oficial no pa\u00eds. A consequ\u00eancia \u00e9 que os custos para a Fazenda P\u00fablica aumentaram.<\/div><div><br><\/div><div>Depois disso, o STF julgou o Tema 1.170, em 2023, para decidir que o tr\u00e2nsito em julgado em condena\u00e7\u00f5es contra a Fazenda P\u00fablica n\u00e3o impede a atualiza\u00e7\u00e3o da corre\u00e7\u00e3o monet\u00e1ria de d\u00edvidas n\u00e3o tribut\u00e1rias, mesmo que o t\u00edtulo judicial preveja um \u00edndice diferente._  <\/div>  <\/p><br \/>\n\t\t\t\t<p><strong>Publicada em : <\/strong><em>28\/04\/2026<\/em>\n\t\t\t\t<\/p><br \/><p><strong>Fonte : <\/strong><em>Consultor Juridico<\/em><\/p>\n\t\t\t<\/div><div>27\/04\/2026 - <a data-fancybox data-src=\"#news12151\" href=\"javascript:;\" class=\"tool\" title=\"Especialistas veem IA como essencial para enxugar volume de processos\">Especialistas veem IA como essencial par...<\/a><\/div> \n\t\t\t<div id=\"news12151\" style=\"display:none; position:relative; width:80%!important;  border-radius:5px; max-height:450px; overflow:auto; color:z-index:100000;\">\n\t\t\t\t<h2>Especialistas veem IA como essencial para enxugar volume de processos<\/h2><br \/><br \/>\n\t\t\t\t<p>A ado\u00e7\u00e3o de ferramentas de intelig\u00eancia artificial deixou de ser uma op\u00e7\u00e3o e se tornou essencial para garantir a sobreviv\u00eancia do sistema de Justi\u00e7a diante do imenso volume de a\u00e7\u00f5es em andamento no Brasil. Essa foi uma das principais considera\u00e7\u00f5es do IAJus 2026 (Encontro de Integra\u00e7\u00e3o em Intelig\u00eancia Artificial do Judici\u00e1rio), promovido pelo Conselho Nacional de Justi\u00e7a na sexta-feira (24\/4), em Bras\u00edlia.<div><br><\/div><div>O evento reuniu especialistas, magistrados e advogados para debater o compartilhamento de solu\u00e7\u00f5es tecnol\u00f3gicas entre os tribunais. Parte dos expositores defendeu a tese de que a inova\u00e7\u00e3o tecnol\u00f3gica \u00e9 a \u00fanica via poss\u00edvel para dar vaz\u00e3o aos mais de 80 milh\u00f5es de processos em tramita\u00e7\u00e3o no pa\u00eds, garantindo celeridade e efici\u00eancia na presta\u00e7\u00e3o jurisdicional.<\/div><div><br><\/div><div>R\u00f4mulo Serpa \/ CNJ<\/div><div>Especialistas veem IA como inevit\u00e1vel, mas ressaltam necessidade de controle humano<\/div><div><br><\/div><div>O desembargador Lu\u00eds Ot\u00e1vio Saboia Ribeiro, do Tribunal de Justi\u00e7a do Estado de Mato Grosso, destacou a despropor\u00e7\u00e3o entre a estrutura estatal e a demanda social. O magistrado apontou que, com apenas 18 mil ju\u00edzes em atua\u00e7\u00e3o para lidar com um volume de litigantes superior \u00e0 pr\u00f3pria popula\u00e7\u00e3o do pa\u00eds, o uso da tecnologia deixou de ser uma conveni\u00eancia e passou a representar a manuten\u00e7\u00e3o do funcionamento do sistema.<\/div><div><br><\/div><div>O ministro Alexandre Agra Belmonte, do Superior Tribunal de Justi\u00e7a, alertou que as cortes enfrentam acervos gigantescos e que a automa\u00e7\u00e3o \u00e9 crucial para otimizar os julgamentos e agrupar temas repetitivos. \u201cSe n\u00e3o houver essa interven\u00e7\u00e3o sobre as raz\u00f5es da litigiosidade, seja por meio da IA, seja por meio do processo civil, n\u00f3s vamos ficar simplesmente enxugando gelo\u201d, observou.<\/div><div><br><\/div><div><br><\/div><div>conjur_v3<\/div><div><br><\/div><div>A ministra Daniela Teixeira, do Superior Tribunal de Justi\u00e7a, endossou a urg\u00eancia da moderniza\u00e7\u00e3o. Ela relatou que seu gabinete precisa enfrentar milhares de novos casos diariamente. A magistrada indicou que, ao associar a triagem feita pela m\u00e1quina ao esfor\u00e7o de uma equipe de ju\u00edzes auxiliares, conseguiu reduzir o acervo de sua sess\u00e3o em mais de 25% em apenas seis meses, algo que seria humanamente imposs\u00edvel sem o amparo do sistema interno.<\/div><div><br><\/div><div>O diagn\u00f3stico sobre a crise de demanda tamb\u00e9m foi refor\u00e7ado pela ju\u00edza Luciana D\u00f3ria de Medeiros, auxiliar da Corregedoria Nacional de Justi\u00e7a. Ela ressaltou que a litigiosidade brasileira cresce em uma velocidade alarmante, o que exige a unifica\u00e7\u00e3o de ferramentas de automa\u00e7\u00e3o j\u00e1 existentes nos tribunais para reduzir o tempo morto de tramita\u00e7\u00e3o e entregar as respostas em um prazo razo\u00e1vel._  <\/div>  <\/p><br \/>\n\t\t\t\t<p><strong>Publicada em : <\/strong><em>27\/04\/2026<\/em>\n\t\t\t\t<\/p><br \/><p><strong>Fonte : <\/strong><em>Consultor Juridico<\/em><\/p>\n\t\t\t<\/div><div>27\/04\/2026 - <a data-fancybox data-src=\"#news12152\" href=\"javascript:;\" class=\"tool\" title=\"Acordo coletivo valida escala alternada entre 48h e 40h sem aval do governo\">Acordo coletivo valida escala alternada ...<\/a><\/div> \n\t\t\t<div id=\"news12152\" style=\"display:none; position:relative; width:80%!important;  border-radius:5px; max-height:450px; overflow:auto; color:z-index:100000;\">\n\t\t\t\t<h2>Acordo coletivo valida escala alternada entre 48h e 40h sem aval do governo<\/h2><br \/><br \/>\n\t\t\t\t<p>A previs\u00e3o em norma coletiva legitima a ado\u00e7\u00e3o de regime de compensa\u00e7\u00e3o com semanas alternadas de 40 e 48 horas, a chamada \u201csemana espanhola\u201d, sem a necessidade de licen\u00e7a pr\u00e9via do Minist\u00e9rio do Trabalho, dada a preval\u00eancia do negociado sobre o legislado.<div><br><\/div><div>Essa foi a conclus\u00e3o da 3\u00aa Turma do Tribunal Regional do Trabalho da 3\u00aa Regi\u00e3o (MG) negou provimento a um recurso e manteve a rejei\u00e7\u00e3o do pedido de horas extras feito por um trabalhador contra uma empresa.<\/div><div><br><\/div><div>O autor da a\u00e7\u00e3o trabalhava na linha de produ\u00e7\u00e3o de uma f\u00e1brica de ferro fundido. Na a\u00e7\u00e3o, ele pediu o pagamento de horas extras sob o argumento de que a sua jornada seguia o regime conhecido como semana espanhola. Este modelo de compensa\u00e7\u00e3o consiste em uma escala na qual o empregado trabalha 48 horas em uma semana e 40 horas na semana seguinte, resultando em uma m\u00e9dia regular de 44 horas semanais e evitando o pagamento de horas excedentes.<\/div><div><br><\/div><div>O autor argumentou que a companhia n\u00e3o obteve a licen\u00e7a pr\u00e9via do governo para adotar esse sistema em uma atividade que seria considerada insalubre pelo contato com ru\u00eddo. Segundo ele, a falta de aval estatal invalidaria a escala, gerando o dever de pagar todo o tempo excedente.<\/div><div><br><\/div><div><br><\/div><div><br><\/div><div>Al\u00e9m disso, o oper\u00e1rio pediu diferen\u00e7as de adicional noturno, afirmando que a conven\u00e7\u00e3o da categoria n\u00e3o previa de forma expressa a compensa\u00e7\u00e3o da redu\u00e7\u00e3o ficta da hora noturna, e requereu adicional de insalubridade e equipara\u00e7\u00e3o salarial.<\/div><div><br><\/div><div>O ju\u00edzo de primeira inst\u00e2ncia julgou os pedidos improcedentes. Inconformado, o autor recorreu ao TRT-3, reiterando a invalidade da escala por falta de autoriza\u00e7\u00e3o estatal e a proced\u00eancia dos demais pedidos. A empresa contrap\u00f4s afirmando que a jornada estava prevista em Acordo Coletivo de Trabalho (ACT) e que o fornecimento regular de Equipamentos de Prote\u00e7\u00e3o Individual (EPIs) neutralizava qualquer risco \u00e0 sa\u00fade do trabalhador no ambiente de f\u00e1brica._  <\/div>  <\/p><br \/>\n\t\t\t\t<p><strong>Publicada em : <\/strong><em>27\/04\/2026<\/em>\n\t\t\t\t<\/p><br \/><p><strong>Fonte : <\/strong><em>Consultor Juridico<\/em><\/p>\n\t\t\t<\/div><div>24\/04\/2026 - <a data-fancybox data-src=\"#news12147\" href=\"javascript:;\" class=\"tool\" title=\"Escrit\u00f3rio Souza Neto e Tartarini Advogados anuncia dois novos s\u00f3cios\">Escrit\u00f3rio Souza Neto e Tartarini Advog...<\/a><\/div> \n\t\t\t<div id=\"news12147\" style=\"display:none; position:relative; width:80%!important;  border-radius:5px; max-height:450px; overflow:auto; color:z-index:100000;\">\n\t\t\t\t<h2>Escrit\u00f3rio Souza Neto e Tartarini Advogados anuncia dois novos s\u00f3cios<\/h2><br \/><br \/>\n\t\t\t\t<p>O escrit\u00f3rio Souza Neto e Tartarini Advogados tem a satisfa\u00e7\u00e3o de anunciar o ingresso de Gustavo Machado Tavares e Lilian Oliveira de Azevedo Almeida em seu quadro societ\u00e1rio.<div><br><\/div><div>Divulga\u00e7\u00e3oGustavo Machado Tavares<\/div><div>O advogado Gustavo Machado Tavares<\/div><div><br><\/div><div>Gustavo e Lilian possuem s\u00f3lida trajet\u00f3ria na advocacia e destacada atua\u00e7\u00e3o institucional.<\/div><div><br><\/div><div>Gustavo \u00e9 procurador do munic\u00edpio do Recife e advogado. \u00c9 mestrando em Direito pelo PPGD\/UNICAP, especialista em Direito Tribut\u00e1rio (Ibet), especialista em Direitos Humanos (UNICAP) e especialista em Novas Quest\u00f5es do Direito Penal e Processo Penal (Faculdade Damas). Membro da Comiss\u00e3o Especial da Advocacia P\u00fablica Municipal do Conselho Federal da OAB (gest\u00e3o 2025-2028). No \u00e2mbito associativo, exerceu relevantes fun\u00e7\u00f5es, entre elas a Presid\u00eancia da Associa\u00e7\u00e3o Nacional das Procuradoras e dos Procuradores Municipais \u2014 ANPM (2021-2023) e a Presid\u00eancia da Associa\u00e7\u00e3o dos Procuradores do Munic\u00edpio do Recife \u2014 APMR (2015-2017 e 2019-2021). Foi ainda conselheiro do Instituto dos Advogados de Pernambuco \u2014 IAP (2020-2022 e 2022-2024), Conselheiro Seccional da OAB-PE (2019-2021) e procurador-chefe adjunto da Procuradoria da Fazenda Municipal.<\/div><div><br><\/div><div>Divulga\u00e7\u00e3oLilian Oliveira de Azevedo Almeida<\/div><div>A advogada Lilian Oliveira de Azevedo Almeida<\/div><div><br><\/div><div>Lilian Azevedo \u00e9 procuradora do munic\u00edpio de Salvador e advogada, especialista em Direito Municipal e Processual. Foi presidenta (2023-2025) e vice-presidenta (2021-2023) da Associa\u00e7\u00e3o Nacional das Procuradoras e dos Procuradores Municipais \u2014 ANPM, subsecret\u00e1ria de Promo\u00e7\u00e3o Social e Combate \u00e0 Pobreza de Salvador (2017-2019) e coordenadora das Representa\u00e7\u00f5es da Procuradoria-Geral do Munic\u00edpio de Salvador (2019-2023). Atualmente \u00e9 procuradora adjunta de G\u00eanero e Ra\u00e7a da OAB-BA (tri\u00eanio 2024-2026), vice-diretora da Escola Superior de Advocacia da OAB-BA e membro da Comiss\u00e3o Especial da Advocacia P\u00fablica Municipal do Conselho Federal da OAB (gest\u00e3o 2025-2028). Integra ainda a Comiss\u00e3o de Diversidade Racial do Instituto Brasileiro de Direito Administrativo \u2014 IBDA e as Comiss\u00f5es do Terceiro Setor da OAB-BA e da OAB-SP, com destacada atua\u00e7\u00e3o em<\/div><div>pol\u00edticas p\u00fablicas municipais, terceiro setor e promo\u00e7\u00e3o da igualdade racial.<\/div><div><br><\/div><div><br><\/div><div><br><\/div><div>Suas chegadas representam o fortalecimento da atua\u00e7\u00e3o, refor\u00e7ando o compromisso da banca com a excel\u00eancia t\u00e9cnica, a \u00e9tica profissional e a defesa qualificada do interesse p\u00fablico e privado.<\/div><div><br><\/div><div>O Souza Neto e Tartarini Advogados d\u00e1 as boas-vindas aos novos s\u00f3cios, certo de que suas experi\u00eancias e trajet\u00f3rias contribuir\u00e3o significativamente para o desenvolvimento e a expans\u00e3o das atividades do escrit\u00f3rio._  <\/div>  <\/p><br \/>\n\t\t\t\t<p><strong>Publicada em : <\/strong><em>24\/04\/2026<\/em>\n\t\t\t\t<\/p><br \/><p><strong>Fonte : <\/strong><em>Consultor Juridico<\/em><\/p>\n\t\t\t<\/div><div>24\/04\/2026 - <a data-fancybox data-src=\"#news12148\" href=\"javascript:;\" class=\"tool\" title=\"Recurso especial criminal no STJ \u00e9 21% mais efetivo para defesas do que HC e RHC, indica estudo\">Recurso especial criminal no STJ \u00e9 21% ...<\/a><\/div> \n\t\t\t<div id=\"news12148\" style=\"display:none; position:relative; width:80%!important;  border-radius:5px; max-height:450px; overflow:auto; color:z-index:100000;\">\n\t\t\t\t<h2>Recurso especial criminal no STJ \u00e9 21% mais efetivo para defesas do que HC e RHC, indica estudo<\/h2><br \/><br \/>\n\t\t\t\t<p>Quando o recurso especial (REsp) em um caso criminal \u00e9 admitido ao Superior Tribunal de Justi\u00e7a, ele \u00e9 21% mais efetivo para a defesa do que o Habeas Corpus e o recurso em HC juntos.<div><br><\/div><div>Gustavo Lima\/STJSuperior Tribunal de Justi\u00e7a STJ pr\u00e9dio edif\u00edcio<\/div><div>Dados desmentem percep\u00e7\u00e3o de que turmas criminais do STJ d\u00e3o poucas decis\u00f5es favor\u00e1veis \u00e0s defesas em recurso especial<\/div><div><br><\/div><div>\u00c9 o que indicam os dados compilados pelo advogado e pesquisador David Metzker a partir de decis\u00f5es proferidas por ministros das turmas criminais do STJ.<\/div><div><br><\/div><div>Em 2025, o STJ registrou 104.723 decis\u00f5es terminativas em HC e RHC por esses ministros, sendo 16.444 concessivas da ordem ou provedoras do recurso. A taxa de efetividade \u00e9 de 15,7%.<\/div><div><br><\/div><div><br><\/div><div>Precisamos evitar que fac\u00e7\u00f5es tenham capital de giro, diz Gonet<\/div><div><br><\/div><div>J\u00e1 em recurso especial foram registradas 17.383 terminativas no ano, com 3.313 provimentos, que representam 19%.<\/div><div><br><\/div><div>A diferen\u00e7a de 3,3 pontos percentuais entre eles se traduz em um aumento relativo relevante: de 15,7% (HC e RHC) para 19% (REsp), a efetividade aumenta 21%.<\/div><div><br><\/div><div>Efetividade em casos criminais 2025<span style=\"white-space:pre\">  <\/span><\/div><div>Tipo de Processo<span style=\"white-space:pre\">  <\/span>Terminativas<span style=\"white-space:pre\">  <\/span>Concessivas<span style=\"white-space:pre\">  <\/span>%<\/div><div>HC<span style=\"white-space:pre\">  <\/span>82.660<span style=\"white-space:pre\">  <\/span>14.706<span style=\"white-space:pre\">  <\/span>17,7%<\/div><div>RHC<span style=\"white-space:pre\">  <\/span>22.063<span style=\"white-space:pre\">  <\/span>1.738<span style=\"white-space:pre\">  <\/span>7,8%<\/div><div>HC\/RHC<span style=\"white-space:pre\">  <\/span>104.723<span style=\"white-space:pre\">  <\/span>16.444<span style=\"white-space:pre\">  <\/span>15,7%<\/div><div>REsp<span style=\"white-space:pre\">  <\/span>17.383<span style=\"white-space:pre\">  <\/span>3.313<span style=\"white-space:pre\">  <\/span>19%<\/div><div>AREsp<span style=\"white-space:pre\">  <\/span>45.017<span style=\"white-space:pre\">  <\/span>3.322<span style=\"white-space:pre\">  <\/span>7,3%<\/div><div>powered by divee.ai<\/div><div>AI<\/div><div><br><\/div><div>O que voc\u00ea gos<\/div><div>\u27a4<\/div><div>Direito<\/div><div>Superior Tribunal de...<\/div><div>David Metzker<\/div><div><br><\/div><div>Percep\u00e7\u00e3o err\u00f4nea<\/div><div>Essa diferen\u00e7a \u00e9 importante porque confirma que \u00e9 err\u00f4nea a percep\u00e7\u00e3o cultivada de forma generalizada pela advocacia criminalista de que o STJ concede poucas decis\u00f5es favor\u00e1veis \u00e0s defesas em recurso especial.<\/div><div><br><\/div><div>Na pr\u00e1tica, n\u00e3o h\u00e1 qualquer tipo de embate entre o uso de HC\/RHC ou REsp, por se tratarem de instrumentos complementares, conforme explica Metzker.<\/div><div><br><\/div><div>Ele aponta que o HC continua como o principal canal de acesso \u00e0 jurisdi\u00e7\u00e3o criminal do STJ \u2014 a corte decidiu 82.660 vezes em Habeas Corpus em 2025, n\u00famero 4,7 vezes maior do que as terminativas em recurso especial (17.383).<\/div><div><br><\/div><div>\u00c9 um instrumento mais r\u00e1pido. \u00c9 impetrado diretamente no STJ, tendo como autoridade coatora o tribunal local que n\u00e3o atendeu ao pedido da defesa. Ele n\u00e3o demanda contrarraz\u00f5es e n\u00e3o permite produ\u00e7\u00e3o de provas.<\/div><div><br><\/div><div>J\u00e1 o recurso especial exige esgotamento das inst\u00e2ncias ordin\u00e1rias. Sua interposi\u00e7\u00e3o passa por exame de admissibilidade, cada vez mais criteriosa nos tribunais de apela\u00e7\u00e3o, com contrarraz\u00f5es do Minist\u00e9rio P\u00fablico, \u00e0 merc\u00ea de diversos \u00f3bices sumulares.<\/div><div><br><\/div><div>\u201cN\u00e3o se trata de instrumentos concorrentes, mas complementares: o HC garante capilaridade e resposta imediata, enquanto o REsp opera como via de corre\u00e7\u00e3o qualificada de ilegalidades\u201d, diz Metzker.<\/div><div><br><\/div><div>Efetividade<\/div><div>A an\u00e1lise da efetividade do HC engloba tamb\u00e9m o RHC, instrumento menos utilizado e tamb\u00e9m menos eficiente: foram 1.738 decis\u00f5es favor\u00e1veis \u00e0 defesa em 2025, que correspondem a 7,8% das 22.063 decis\u00f5es terminativas nesse tipo de recurso.<\/div><div><br><\/div><div><br><\/div><div>Eles s\u00e3o analisados em conjunto para efeitos de compara\u00e7\u00e3o com o recurso especial porque t\u00eam o mesmo escopo e s\u00e3o usados da mesma forma: para proteger a liberdade de locomo\u00e7\u00e3o do r\u00e9u. Ou seja, a ilegalidade apontada em um pode ser usada tamb\u00e9m no outro.<\/div><div><br><\/div><div>Historicamente, as defesas preferem o HC direto ao STJ porque o recurso ordin\u00e1rio tem tr\u00e2mite mais demorado, apesar de o RHC ser o meio mais adequado para impugnar uma denega\u00e7\u00e3o de ordem pelos tribunais.<\/div><div><br><\/div><div>Diferente \u00e9 a situa\u00e7\u00e3o do agravo em recurso especial (AREsp), recurso que visa contestar a decis\u00e3o do tribunal de segundo grau de n\u00e3o admitir o recurso ao STJ. A defesa precisa pugnar primeiro pela admiss\u00e3o do recurso, o que permitiria ir ao m\u00e9rito.<\/div><div><br><\/div><div>Os dados de 2025 levantados por Metzker mostram 45.017 decis\u00f5es terminativas em AREsp pelos ministros da 3\u00aa Se\u00e7\u00e3o, com 3.322 favor\u00e1veis \u00e0s defesas, taxa de 7,3% de provimento.<\/div><div><br><\/div><div>Efetividade do REsp criminal<\/div><div>Ministro<span style=\"white-space:pre\">  <\/span>Efetividade<\/div><div>Ribeiro Dantas<span style=\"white-space:pre\">  <\/span>29,5%<\/div><div>Reynaldo Soares da Fonseca<span style=\"white-space:pre\">  <\/span>25,7%<\/div><div>Ot\u00e1vio de Almeida Toledo<span style=\"white-space:pre\">  <\/span>25%<\/div><div>Rogerio Schietti<span style=\"white-space:pre\">  <\/span>23%<\/div><div>Og Fernandes<span style=\"white-space:pre\">  <\/span>21,5%<\/div><div>Daniela Teixeira<span style=\"white-space:pre\">  <\/span>19,5%<\/div><div>Saldanha Palheiro<span style=\"white-space:pre\">  <\/span>18,3%<\/div><div>Joel Ilan Paciornik<span style=\"white-space:pre\">  <\/span>17,1%<\/div><div>Sebasti\u00e3o Reis J\u00fanior<span style=\"white-space:pre\">  <\/span>16,9%<\/div><div>Carlos Cini Marchionatti<span style=\"white-space:pre\">  <\/span>14,4%<\/div><div>Messod Azulay<span style=\"white-space:pre\">  <\/span>13,6%<\/div><div>Marluce Caldas<span style=\"white-space:pre\">  <\/span>9,8%<\/div><div>Carlos Brand\u00e3o<span style=\"white-space:pre\">  <\/span>6,2%<\/div><div>Melhores usos<\/div><div>A complementariedade entre HC\/RHC e REsp \u00e9 exemplificada pela an\u00e1lise de Metzker sobre os melhores usos de um ou outro.<\/div><div><br><\/div><div>Os casos de Habeas Corpus que mais rendem concess\u00e3o da ordem s\u00e3o aqueles em que a liberdade do r\u00e9u est\u00e1 efetivamente amea\u00e7ada e os que envolvem nulidades prontamente afer\u00edveis, como invas\u00e3o de domic\u00edlio, reconhecimento pessoal ou quebra da cadeia de cust\u00f3dia.<\/div><div><br><\/div><div>J\u00e1 o recurso especial cabe melhor para os temas que envolvem uma an\u00e1lise mais apurada dos fatos e provas descritos no ac\u00f3rd\u00e3o recorrido, como casos de absolvi\u00e7\u00e3o ou desclassifica\u00e7\u00e3o.<\/div><div><br><\/div><div>Proporcionalmente (em rela\u00e7\u00e3o ao n\u00famero de decis\u00f5es terminativas), quem mais d\u00e1 provimento em REsp entre os ministros das turmas criminais \u00e9 Ribeiro Dantas, com taxa de 29,5%. Tamb\u00e9m decidem muito Reynaldo Soares da Fonseca (25,7%) e Rogerio Schietti (23%).<\/div><div><br><\/div><div><br><\/div><div>Eles est\u00e3o, tamb\u00e9m, entre os integrantes que mais concedem HC e RHC. Na outra ponta aparecem os ministros mais recentes da corte, empossados em agosto de 2025: Carlos Brand\u00e3o (6,2%) e Marluce Caldas (9,8%)._  <\/div>  <\/p><br \/>\n\t\t\t\t<p><strong>Publicada em : <\/strong><em>24\/04\/2026<\/em>\n\t\t\t\t<\/p><br \/><p><strong>Fonte : <\/strong><em>Consultor Juridico<\/em><\/p>\n\t\t\t<\/div><div>23\/04\/2026 - <a data-fancybox data-src=\"#news12142\" href=\"javascript:;\" class=\"tool\" title=\"Suprema Corte espanhola absolve Neymar de acusa\u00e7\u00f5es de corrup\u00e7\u00e3o e fraude\">Suprema Corte espanhola absolve Neymar d...<\/a><\/div> \n\t\t\t<div id=\"news12142\" style=\"display:none; position:relative; width:80%!important;  border-radius:5px; max-height:450px; overflow:auto; color:z-index:100000;\">\n\t\t\t\t<h2>Suprema Corte espanhola absolve Neymar de acusa\u00e7\u00f5es de corrup\u00e7\u00e3o e fraude<\/h2><br \/><br \/>\n\t\t\t\t<p>O Tribunal Supremo \u2014 equivalente ao Supremo Tribunal Federal da Espanha \u2014 confirmou a absolvi\u00e7\u00e3o do jogador de futebol Neymar, dos seus representantes e de dirigentes do Barcelona das acusa\u00e7\u00f5es de fraude e corrup\u00e7\u00e3o entre particulares. A informa\u00e7\u00e3o \u00e9 do portal UOL.&nbsp;<div><br><\/div><div>\u00daltima Inst\u00e2ncia da Justi\u00e7a espanhola decisiu confirmar a absolvi\u00e7\u00e3o de Neymar, seu pai e dirigentes do Barcelona de acusa\u00e7\u00e3o de fraude<\/div><div>\u00daltima Inst\u00e2ncia da Justi\u00e7a espanhola decisiu confirmar a absolvi\u00e7\u00e3o de Neymar, seu pai e dirigentes do Barcelona de acusa\u00e7\u00e3o de fraude<\/div><div><br><\/div><div>A decis\u00e3o foi proferida nesta quarta-feira (22\/4) e encerra um processo que j\u00e1 durava uma d\u00e9cada na Justi\u00e7a espanhola. A origem da demanda remonta a \u00e9poca em que Neymar ainda atuava pelo Santos em 2009. Na \u00e9poca, a empresa DIS adquiriu 40% dos direitos econ\u00f4micos do jogador, pagando R$ 5 milh\u00f5es.&nbsp;<\/div><div><br><\/div><div>O acordo previa a participa\u00e7\u00e3o em uma futura transfer\u00eancia do jogador. O Barcelona firmou um acordo com o jogador para garantir a prefer\u00eancia na contrata\u00e7\u00e3o do craque brasileiro. O time catal\u00e3o decidiu antecipar a contrata\u00e7\u00e3o de Neymar e negociou diretamente com o Santos, formalizando a transfer\u00eancia por 17,1 milh\u00f5es de euros. Na ocasi\u00e3o, a empresa DIS recebeu 40% desse valor.<\/div><div><br><\/div><div>Posteriormente, a DIS acionou o Judici\u00e1rio para receber o que entendia que era seu. Com base nisso, apresentou acusa\u00e7\u00e3o por corrup\u00e7\u00e3o entre particulares e fraude.<\/div><div><br><\/div><div><br><\/div><div>Responsabiliza\u00e7\u00e3o das plataformas pode inspirar conven\u00e7\u00e3o internacional, diz Gilmar<\/div><div><br><\/div><div>Em meio a crise provocada pela transfer\u00eancia, o presidente do Barcelona, Sandro Rosell, decidiu renunciar ao cargo. Tanto Neymar como seu pai tiveram que prestar depoimento ao Judici\u00e1rio espanhol.&nbsp;<\/div><div><br><\/div><div>Em 2022, a primeira inst\u00e2ncia da Justi\u00e7a espanhola absolveu todos os envolvidos, j\u00e1 que n\u00e3o havia ind\u00edcios de fraude nem de simula\u00e7\u00e3o contratual._  <\/div>  <\/p><br \/>\n\t\t\t\t<p><strong>Publicada em : <\/strong><em>23\/04\/2026<\/em>\n\t\t\t\t<\/p><br \/><p><strong>Fonte : <\/strong><em>Consultor Juridico<\/em><\/p>\n\t\t\t<\/div><div>23\/04\/2026 - <a data-fancybox data-src=\"#news12143\" href=\"javascript:;\" class=\"tool\" title=\"Juiz pode requisitar dados para viabilizar repara\u00e7\u00e3o fluida aos consumidores\">Juiz pode requisitar dados para viabiliz...<\/a><\/div> \n\t\t\t<div id=\"news12143\" style=\"display:none; position:relative; width:80%!important;  border-radius:5px; max-height:450px; overflow:auto; color:z-index:100000;\">\n\t\t\t\t<h2>Juiz pode requisitar dados para viabilizar repara\u00e7\u00e3o fluida aos consumidores<\/h2><br \/><br \/>\n\t\t\t\t<p>Na liquida\u00e7\u00e3o da senten\u00e7a coletiva, o juiz pode requisitar informa\u00e7\u00f5es de bancos de dados dispon\u00edveis para arbitrar o valor da indeniza\u00e7\u00e3o e viabilizar a repara\u00e7\u00e3o fluida prevista no artigo 100 do C\u00f3digo de Defesa do Consumidor.<div><br><\/div><div>Freepik<\/div><div>Juiz requisitou dados contra a varejista em fontes como o site Reclame Aqui! para viabilizar a repara\u00e7\u00e3o fluida<\/div><div><br><\/div><div>A conclus\u00e3o \u00e9 da 3\u00aa Turma do Superior Tribunal de Justi\u00e7a, que negou provimento ao recurso especial de uma grande rede varejista que foi condenada em a\u00e7\u00e3o civil p\u00fablica por condutas il\u00edcitas na venda de produtos pela internet.<\/div><div><br><\/div><div>A senten\u00e7a imp\u00f4s uma s\u00e9rie de obriga\u00e7\u00f5es e tamb\u00e9m condenou a r\u00e9 a pagar R$ 1 mil por cada ocorr\u00eancia de atraso na entrega de produtos aos consumidores, determinando que o valor seja recolhido ao Fundo de Reconstitui\u00e7\u00e3o de Bens Lesados.<\/div><div><br><\/div><div><br><\/div><div><br><\/div><div>Passado um ano do tr\u00e2nsito em julgado da decis\u00e3o, por\u00e9m, nenhum consumidor se apresentou para executar o t\u00edtulo judicial. Isso abriu a hip\u00f3tese de o Minist\u00e9rio P\u00fablico do Rio de Janeiro, autor da a\u00e7\u00e3o, buscar a repara\u00e7\u00e3o fluida (fluid recovery).<\/div><div><br><\/div><div>N\u00e3o sendo poss\u00edvel apurar com exatid\u00e3o o preju\u00edzo individual de cada consumidor, nem o n\u00famero exato de benefici\u00e1rios da senten\u00e7a, cabe ao juiz da liquida\u00e7\u00e3o mensurar esse montante para fixar o valor a ser pago.<\/div><div><br><\/div><div>Repara\u00e7\u00e3o fluida em andamento<\/div><div>A l\u00f3gica da repara\u00e7\u00e3o fluida, como prevista no CDC, \u00e9 impedir o enriquecimento sem causa do fornecedor que atentou contra a lei, prejudicando os consumidores.<\/div><div><br><\/div><div>No caso em quest\u00e3o, o magistrado pediu ao MP-RJ para apresentar todas as reclama\u00e7\u00f5es recebidas nos canais competentes (Procon, Reclame Aqui, Ouvidoria do MP) no prazo de cinco anos anteriores ao ajuizamento da demanda.<\/div><div><br><\/div><div>Ele tamb\u00e9m oficiou a rede varejista condenada para que fornecesse os dados relativos ao n\u00famero de contratos de compra feitos no per\u00edodo pelo seu site. Com esses dados, seria poss\u00edvel definir o valor para a indeniza\u00e7\u00e3o.<\/div><div><br><\/div><div>A empresa r\u00e9 se insurgiu por entender que o juiz estava criando par\u00e2metros para a liquida\u00e7\u00e3o. E defendeu que a repara\u00e7\u00e3o fluida n\u00e3o pode ser calculada com base em elementos estranhos \u00e0 senten\u00e7a, devendo se ater aos fatos nela descritos.<\/div><div><br><\/div><div>Dever de coopera\u00e7\u00e3o<\/div><div>Por unanimidade de votos, a 3\u00aa Turma do STJ negou provimento ao recurso especial. Relatora, a ministra Nancy Andrighi destacou que o pedido de informa\u00e7\u00f5es pelo juiz \u00e9 autorizado pelo princ\u00edpio da coopera\u00e7\u00e3o, insculpido no artigo 6\u00ba do C\u00f3digo de Processo Civil.<\/div><div><br><\/div><div>\u201cN\u00e3o se trata de introdu\u00e7\u00e3o de fatos novos ou estranhos \u00e0 senten\u00e7a, mas de convoca\u00e7\u00e3o das partes \u00e0 ado\u00e7\u00e3o de provid\u00eancias necess\u00e1rias ao cumprimento da obriga\u00e7\u00e3o estabelecida no pr\u00f3prio t\u00edtulo executivo judicial\u201d, disse a ministra.<\/div><div><br><\/div><div><br><\/div><div>Ela destacou que admitir que o executado se oponha \u00e0 execu\u00e7\u00e3o coletiva fundada no artigo 100 do CDC com o argumento exclusivo da inexist\u00eancia de prova individualizada dos preju\u00edzos significaria esvaziar a pr\u00f3pria raz\u00e3o de ser da repara\u00e7\u00e3o fluida.<\/div><div><br><\/div><div>O procedimento eleito na liquida\u00e7\u00e3o \u00e9 leg\u00edtimo inclusive porque preserva o contradit\u00f3rio, j\u00e1 que assegurou a possibilidade de impugna\u00e7\u00e3o dos dados utilizados no arbitramento por parte da rede varejista. A vota\u00e7\u00e3o foi un\u00e2nime._  <\/div>  <\/p><br \/>\n\t\t\t\t<p><strong>Publicada em : <\/strong><em>23\/04\/2026<\/em>\n\t\t\t\t<\/p><br \/><p><strong>Fonte : <\/strong><em>Consultor Juridico<\/em><\/p>\n\t\t\t<\/div><div>23\/04\/2026 - <a data-fancybox data-src=\"#news12144\" href=\"javascript:;\" class=\"tool\" title=\"Escola \u00e9 condenada por bullying racial sofrido por aluna de 10 anos\">Escola \u00e9 condenada por bullying racial ...<\/a><\/div> \n\t\t\t<div id=\"news12144\" style=\"display:none; position:relative; width:80%!important;  border-radius:5px; max-height:450px; overflow:auto; color:z-index:100000;\">\n\t\t\t\t<h2>Escola \u00e9 condenada por bullying racial sofrido por aluna de 10 anos<\/h2><br \/><br \/>\n\t\t\t\t<p>A discrimina\u00e7\u00e3o cometida por alunos contra colega de classe, sem que a escola adote medidas eficazes para prevenir e coibir a repeti\u00e7\u00e3o do epis\u00f3dio, revela falha do estabelecimento de ensino diante da pr\u00e1tica de bullying e lhe imp\u00f5e o dever de indenizar a v\u00edtima da viol\u00eancia, a t\u00edtulo de danos morais.<div><br><\/div><div>Freepikescola col\u00e9gio professor professora aluno aluna rede de ensino<\/div><div>Crian\u00e7a foi v\u00edtima do racismo cometido por colegas de classe mais de uma vez&nbsp;<\/div><div><br><\/div><div>Esse foi o entendimento da 34\u00aa C\u00e2mara de Direito Privado do Tribunal de Justi\u00e7a de S\u00e3o Paulo ao reformar decis\u00e3o de primeiro grau que havia julgado a a\u00e7\u00e3o improcedente. A autora da a\u00e7\u00e3o alega ter sofrido bullying racial na escola e dever\u00e1 ser indenizada em R$ 7 mil.<\/div><div><br><\/div><div>\u201cN\u00e3o se trata de uma simples \u2018brincadeira\u2019 ou \u2018mal-entendido\u2019 praticado pelos colegas de classe e sim de pr\u00e1tica de bullying e discrimina\u00e7\u00e3o, vez que a aluna foi submetida a situa\u00e7\u00e3o constrangedora e vexat\u00f3ria no interior da institui\u00e7\u00e3o de ensino, que tinha o dever de vigil\u00e2ncia\u201d, destacou o desembargador Issa Ahmed, relator do recurso.<\/div><div><br><\/div><div>A \u201ctenra idade\u201d da estudante e as omiss\u00f5es do col\u00e9gio evidenciam a culpa do r\u00e9u ao n\u00e3o vigiar de forma segura e ostensiva seus alunos durante o per\u00edodo escolar, segundo o magistrado. Consta dos autos que a autora, no primeiro trimestre de 2022, quando tinha dez anos, foi submetida a situa\u00e7\u00e3o constrangedora e vexat\u00f3ria em sala de aula.<\/div><div><br><\/div><div><br><\/div><div><br><\/div><div>Benefici\u00e1ria de bolsa de estudo parcial, ela foi chamada de \u201cpreta feia e suja\u201d, \u201cfeijoada\u201d e \u201cmenina feia e pobre\u201d, entre outras express\u00f5es discriminat\u00f3rias e pejorativas. Os alunos apontados como os respons\u00e1veis pelo bullying tamb\u00e9m compuseram uma m\u00fasica que denominaram de \u201cfunk da macacada\u201d.<\/div><div><br><\/div><div>Naquela ocasi\u00e3o, a m\u00e3e da garota denunciou os fatos em reuni\u00e3o de pais e mestres, sendo o caso registrado em caderno de ocorr\u00eancias. A escola iniciou um projeto de conscientiza\u00e7\u00e3o sobre a diversidade, mas o epis\u00f3dio se repetiu em abril e maio de 2023, ensejando a implementa\u00e7\u00e3o de projeto pedag\u00f3gico mais amplo contra o racismo.<\/div><div><br><\/div><div>Fundamenta\u00e7\u00e3o legal<\/div><div>O relator considerou incontroversa a falha na presta\u00e7\u00e3o de servi\u00e7os educacionais, nos termos dos artigos 17 e 18 do Estatuto da Crian\u00e7a e do Adolescente (ECA), porque a institui\u00e7\u00e3o de ensino foi ineficiente para assegurar \u00e0 autora incolumidade ps\u00edquica e moral no ambiente escolar.<\/div><div><br><\/div><div>Issa Ahmed tamb\u00e9m citou o artigo 5\u00ba da Lei 13.185\/2015, que instituiu o Programa de Combate \u00e0 Intimida\u00e7\u00e3o Sistem\u00e1tica. Diz a regra que \u201c\u00e9 dever do estabelecimento de ensino, dos clubes e das agremia\u00e7\u00f5es recreativas assegurar medidas de conscientiza\u00e7\u00e3o, preven\u00e7\u00e3o, diagnose e combate \u00e0 viol\u00eancia e \u00e0 intimida\u00e7\u00e3o sistem\u00e1tica (bullying)\u201d._  <\/div>  <\/p><br \/>\n\t\t\t\t<p><strong>Publicada em : <\/strong><em>23\/04\/2026<\/em>\n\t\t\t\t<\/p><br \/><p><strong>Fonte : <\/strong><em>Consultor Juridico<\/em><\/p>\n\t\t\t<\/div>\n\n\n<\/span>\n<!-- CJT Shortcode Block (1) - noticias-empresariais - END -->\n\n<\/div>\n\t\t\t\t<\/div>\n\t\t\t\t<\/div>\n\t\t\t\t<\/div>\n\t\t<div class=\"elementor-element elementor-element-a6503ce e-con-full e-flex e-con e-child\" data-id=\"a6503ce\" data-element_type=\"container\" data-settings=\"{&quot;content_width&quot;:&quot;full&quot;,&quot;container_type&quot;:&quot;flex&quot;}\">\n\t\t\t\t<div class=\"elementor-element elementor-element-26111bb elementor-widget elementor-widget-heading\" data-id=\"26111bb\" data-element_type=\"widget\" data-widget_type=\"heading.default\">\n\t\t\t\t<div class=\"elementor-widget-container\">\n\t\t\t<h2 class=\"elementor-heading-title elementor-size-default\">Impostos do dia<\/h2>\t\t<\/div>\n\t\t\t\t<\/div>\n\t\t\t\t<div class=\"elementor-element elementor-element-27bae34 elementor-widget elementor-widget-shortcode\" data-id=\"27bae34\" data-element_type=\"widget\" data-widget_type=\"shortcode.default\">\n\t\t\t\t<div class=\"elementor-widget-container\">\n\t\t\t\t\t<div class=\"elementor-shortcode\">\n\n<!-- CJT Shortcode Block (3) - imposto-do-dia - START -->\n<span id='csmi-da37a2f69af296eb8d9c9fe0745f59ce' class='csmi csmi-bid-3 csmi-imposto-do-dia'>\ufeff<div id=\"Imposto\">\n\t\n    \n\n    <div>00\/00\/ - 3&ordf; Feira<\/div><br \/>\n\n\n\n    <div><\/div>\n<\/div>\n\n<\/span>\n<!-- CJT Shortcode Block (3) - imposto-do-dia - END -->\n\n<\/div>\n\t\t\t\t<\/div>\n\t\t\t\t<\/div>\n\t\t\t\t<\/div>\n\t\t\t\t<\/div>\n\t\t\t\t<\/div>\n\t\t\t\t<\/div>\n\t\t\t\t\t\t\t<\/div>\n\t\t","protected":false},"excerpt":{"rendered":"<p>Vamos formar uma parceria de sucesso! Solu\u00e7\u00f5es cont\u00e1beis do tamanho da sua empresa Prestamos servi\u00e7os referentes \u00e0s \u00e1reas cont\u00e1bil, trabalhista, fiscal e de documenta\u00e7\u00e3o para empresas, desde as pequenas at\u00e9 a ind\u00fastria de grande porte, al\u00e9m de pessoas f\u00edsicas e profissionais aut\u00f4nomos de diversos ramos. Nossa empresa Nossos servi\u00e7os Consultoria cont\u00e1bil Folha de pagamento eSocial [&hellip;]<\/p>\n","protected":false},"author":1,"featured_media":0,"parent":0,"menu_order":0,"comment_status":"closed","ping_status":"closed","template":"","meta":{"footnotes":""},"class_list":["post-63","page","type-page","status-publish","hentry"],"_links":{"self":[{"href":"https:\/\/contaempre.com.br\/index.php?rest_route=\/wp\/v2\/pages\/63","targetHints":{"allow":["GET"]}}],"collection":[{"href":"https:\/\/contaempre.com.br\/index.php?rest_route=\/wp\/v2\/pages"}],"about":[{"href":"https:\/\/contaempre.com.br\/index.php?rest_route=\/wp\/v2\/types\/page"}],"author":[{"embeddable":true,"href":"https:\/\/contaempre.com.br\/index.php?rest_route=\/wp\/v2\/users\/1"}],"replies":[{"embeddable":true,"href":"https:\/\/contaempre.com.br\/index.php?rest_route=%2Fwp%2Fv2%2Fcomments&post=63"}],"version-history":[{"count":372,"href":"https:\/\/contaempre.com.br\/index.php?rest_route=\/wp\/v2\/pages\/63\/revisions"}],"predecessor-version":[{"id":1094,"href":"https:\/\/contaempre.com.br\/index.php?rest_route=\/wp\/v2\/pages\/63\/revisions\/1094"}],"wp:attachment":[{"href":"https:\/\/contaempre.com.br\/index.php?rest_route=%2Fwp%2Fv2%2Fmedia&parent=63"}],"curies":[{"name":"wp","href":"https:\/\/api.w.org\/{rel}","templated":true}]}}